{"id":2079,"date":"2017-06-28T11:44:23","date_gmt":"2017-06-28T09:44:23","guid":{"rendered":"http:\/\/k-stz.beebox.de\/cms\/kontakt\/rechtliche-informationen\/datenschutz\/"},"modified":"2024-09-04T10:26:42","modified_gmt":"2024-09-04T08:26:42","slug":"datenschutz","status":"publish","type":"page","link":"https:\/\/www.stz-fr.de\/cms\/kontakt\/rechtliche-informationen\/datenschutz\/","title":{"rendered":"Datenschutz"},"content":{"rendered":"<p>[et_pb_section fb_built=&#8220;1&#8243; _builder_version=&#8220;4.16&#8243; custom_padding=&#8220;||0px|&#8220; global_colors_info=&#8220;{}&#8220;][et_pb_row _builder_version=&#8220;4.16&#8243; background_size=&#8220;initial&#8220; background_position=&#8220;top_left&#8220; background_repeat=&#8220;repeat&#8220; global_colors_info=&#8220;{}&#8220;][et_pb_column type=&#8220;4_4&#8243; _builder_version=&#8220;4.16&#8243; custom_padding=&#8220;|||&#8220; global_colors_info=&#8220;{}&#8220; custom_padding__hover=&#8220;|||&#8220;][et_pb_text admin_label=&#8220;Headline Datenschutz&#8220; _builder_version=&#8220;4.16&#8243; global_colors_info=&#8220;{}&#8220;]<\/p>\n<h1>DATENSCHUTZ<\/h1>\n<p>[\/et_pb_text][et_pb_divider color=&#8220;rgba(20,35,0,0.32)&#8220; _builder_version=&#8220;4.16&#8243; global_colors_info=&#8220;{}&#8220;][\/et_pb_divider][\/et_pb_column][\/et_pb_row][et_pb_row _builder_version=&#8220;4.16&#8243; background_size=&#8220;initial&#8220; background_position=&#8220;top_left&#8220; background_repeat=&#8220;repeat&#8220; global_colors_info=&#8220;{}&#8220;][et_pb_column type=&#8220;4_4&#8243; _builder_version=&#8220;4.16&#8243; custom_padding=&#8220;|||&#8220; global_colors_info=&#8220;{}&#8220; custom_padding__hover=&#8220;|||&#8220;][et_pb_text admin_label=&#8220;Text Datenschutz&#8220; _builder_version=&#8220;4.16&#8243; global_colors_info=&#8220;{}&#8220;]<\/p>\n<p>Das Zentrum f\u00fcr Strahlentherapie nimmt den Schutz Ihrer pers\u00f6nlichen Daten sehr ernst. Wir behandeln Ihre personenbezogenen Daten vertraulich und entsprechend der gesetzlichen Datenschutzvorschriften sowie dieser Datenschutzerkl\u00e4rung.<\/p>\n<p>Die Nutzung unserer Webseite ist in der Regel ohne Angabe personenbezogener Daten m\u00f6glich. Soweit auf unseren Seiten personenbezogene Daten (beispielsweise Name, Anschrift oder E-Mail-Adressen) erhoben werden, erfolgt dies, soweit m\u00f6glich, stets auf freiwilliger Basis. Diese Daten werden ohne Ihre ausdr\u00fcckliche Zustimmung nicht an Dritte weitergegeben.<\/p>\n<p>Wir weisen jedoch darauf hin, dass die Daten\u00fcbertragung im Internet (z.B. bei der Kommunikation per E-Mail) Sicherheitsl\u00fccken aufweisen kann. Ein l\u00fcckenloser Schutz der Daten vor dem Zugriff durch Dritte ist nicht m\u00f6glich.<\/p>\n<p>[\/et_pb_text][\/et_pb_column][\/et_pb_row][et_pb_row _builder_version=&#8220;4.16&#8243; background_size=&#8220;initial&#8220; background_position=&#8220;top_left&#8220; background_repeat=&#8220;repeat&#8220; global_colors_info=&#8220;{}&#8220;][et_pb_column type=&#8220;4_4&#8243; _builder_version=&#8220;4.16&#8243; custom_padding=&#8220;|||&#8220; global_colors_info=&#8220;{}&#8220; custom_padding__hover=&#8220;|||&#8220;][et_pb_divider color=&#8220;rgba(20,35,0,0.32)&#8220; _builder_version=&#8220;4.16&#8243; global_colors_info=&#8220;{}&#8220;][\/et_pb_divider][\/et_pb_column][\/et_pb_row][\/et_pb_section][et_pb_section fb_built=&#8220;1&#8243; _builder_version=&#8220;4.16&#8243; custom_padding=&#8220;0px||0px|&#8220; global_colors_info=&#8220;{}&#8220;][et_pb_row _builder_version=&#8220;4.16&#8243; background_size=&#8220;initial&#8220; background_position=&#8220;top_left&#8220; background_repeat=&#8220;repeat&#8220; global_colors_info=&#8220;{}&#8220;][et_pb_column type=&#8220;4_4&#8243; _builder_version=&#8220;4.16&#8243; custom_padding=&#8220;|||&#8220; global_colors_info=&#8220;{}&#8220; custom_padding__hover=&#8220;|||&#8220;][et_pb_text admin_label=&#8220;Headline Personenbezogene Daten&#8220; _builder_version=&#8220;4.16&#8243; global_colors_info=&#8220;{}&#8220;]<\/p>\n<h1>Personenbezogene Daten<\/h1>\n<p>[\/et_pb_text][et_pb_divider color=&#8220;rgba(20,35,0,0.32)&#8220; _builder_version=&#8220;4.16&#8243; global_colors_info=&#8220;{}&#8220;][\/et_pb_divider][\/et_pb_column][\/et_pb_row][et_pb_row _builder_version=&#8220;4.16&#8243; background_size=&#8220;initial&#8220; background_position=&#8220;top_left&#8220; background_repeat=&#8220;repeat&#8220; global_colors_info=&#8220;{}&#8220; column_structure=&#8220;1_2,1_2&#8243;][et_pb_column type=&#8220;1_2&#8243; _builder_version=&#8220;4.16&#8243; custom_padding=&#8220;|||&#8220; global_colors_info=&#8220;{}&#8220; custom_padding__hover=&#8220;|||&#8220;][et_pb_text admin_label=&#8220;Text Was sind personenbezogene Daten&#8220; _builder_version=&#8220;4.16&#8243; global_colors_info=&#8220;{}&#8220;]<\/p>\n<h4>Was sind personenbezogene Daten<\/h4>\n<p>Personenbezogene Daten sind Einzelangaben \u00fcber pers\u00f6nliche oder sachliche Verh\u00e4ltnisse einer bestimmten oder bestimmbaren nat\u00fcrlichen Person. Darunter fallen Informationen wie z.B. Ihr richtiger Name, Ihre Anschrift, Ihre Telefonnummer und Ihr Geburtsdatum. Informationen, die nicht direkt mit Ihrer wirklichen Identit\u00e4t in Verbindung gebracht werden \u2013 wie z.B. favorisierte Webseiten oder Anzahl der Nutzer einer Seite \u2013 sind keine personenbezogenen Daten.<\/p>\n<p>[\/et_pb_text][et_pb_text admin_label=&#8220;Text Erhebung, Verarbeitung und Log-Files&#8220; _builder_version=&#8220;4.16&#8243; global_colors_info=&#8220;{}&#8220;]<\/p>\n<h4>Erhebung und Verarbeitung von personenbezogenen Daten, Server-Log-Files<\/h4>\n<p>Wenn Sie unsere Webseiten besuchen, speichern unsere Webserver standardm\u00e4\u00dfig zum Zweck der Systemsicherheit tempor\u00e4r die Verbindungsdaten des anfragenden Rechners in so genannten Server-Log Files, die Ihr Browser automatisch an uns \u00fcbermittelt. Dies sind:<\/p>\n<ul>\n<li>Browsertyp und Browserversion<\/li>\n<li>verwendetes Betriebssystem<\/li>\n<li>Referrer URL<\/li>\n<li>IP und Hostname des zugreifenden Rechners<\/li>\n<li>Uhrzeit der Serveranfrage<\/li>\n<\/ul>\n<p>Diese Daten sind nicht bestimmten Personen zuordenbar. Dar\u00fcber hinausgehende personenbezogene Angaben wie Ihr Name, Ihre Anschrift, Telefonnummer oder E-Mail-Adresse werden nicht erfasst, es sei denn, diese Angaben werden von Ihnen freiwillig gemacht, z.B. im Rahmen einer Registrierung, einer Umfrage, eines Preisausschreibens, zur Durchf\u00fchrung eines Vertrages oder einer Informationsanfrage. Eine Zusammenf\u00fchrung dieser Daten mit anderen Datenquellen wird nicht vorgenommen. Wir behalten uns vor, diese Daten nachtr\u00e4glich zu pr\u00fcfen, wenn uns konkrete Anhaltspunkte f\u00fcr eine rechtswidrige Nutzung bekannt werden.<\/p>\n<p>[\/et_pb_text][et_pb_text admin_label=&#8220;Text Formulare&#8220; _builder_version=&#8220;4.16&#8243; global_colors_info=&#8220;{}&#8220;]<\/p>\n<h4>Kontakt- und Anmeldeformulare<\/h4>\n<p>Wenn Sie uns per Kontakt- oder Anmeldeformular Anfragen zukommen lassen, werden Ihre Angaben aus dem Anfrageformular inklusive der von Ihnen dort angegebenen Kontaktdaten zwecks Bearbeitung der Anfrage und f\u00fcr den Fall von Anschlussfragen bei uns gespeichert. Diese Daten geben wir nicht ohne Ihre Einwilligung weiter.<\/p>\n<p>[\/et_pb_text][\/et_pb_column][et_pb_column type=&#8220;1_2&#8243; _builder_version=&#8220;4.16&#8243; custom_padding=&#8220;|||&#8220; global_colors_info=&#8220;{}&#8220; custom_padding__hover=&#8220;|||&#8220;][et_pb_text admin_label=&#8220;Text Nutzung und Weitergabe&#8220; _builder_version=&#8220;4.16&#8243; global_colors_info=&#8220;{}&#8220;]<\/p>\n<h4>Nutzung und Weitergabe der personenbezogenen Daten<\/h4>\n<p>Die von Ihnen zur Verf\u00fcgung gestellten personenbezogenen Daten verwenden wir ausschlie\u00dflich zum Zweck der technischen Administration der Webseiten und zur Erf\u00fcllung Ihrer W\u00fcnsche und Anforderungen, also in der Regel zur Abwicklung des mit Ihnen geschlossenen Vertrages oder zur Beantwortung Ihrer Anfrage.<\/p>\n<p>Nur dann, wenn Sie uns zuvor Ihre Einwilligung erteilt haben bzw. wenn Sie \u2013 soweit gesetzliche Regelungen dies vorsehen \u2013 keinen Widerspruch eingelegt haben, nutzen wir diese Daten auch f\u00fcr Umfragen und Marketingzwecke.<\/p>\n<p>Eine Weitergabe, Verkauf oder sonstige \u00dcbermittlung Ihrer personenbezogenen Daten an Dritte erfolgt nicht, es sei denn, dass dies zum Zwecke der Vertragsabwicklung erforderlich ist oder Sie ausdr\u00fccklich eingewilligt haben. So kann es beispielsweise erforderlich sein, dass wir bei Anmeldungen zu unseren Veranstaltungen Ihre Teilnahmedaten an unsere organisatorischen Partner weitergeben.<\/p>\n<p>[\/et_pb_text][et_pb_text admin_label=&#8220;Text Dauer der Speicherung&#8220; _builder_version=&#8220;4.16&#8243; global_colors_info=&#8220;{}&#8220;]<\/p>\n<h4>Dauer der Speicherung\u2028<\/h4>\n<p>Nach vollst\u00e4ndiger Vertragsabwicklung werden die Daten zun\u00e4chst f\u00fcr die Dauer der Gew\u00e4hrleistungsfrist, danach unter Ber\u00fccksichtigung gesetzlicher, insbesondere steuer- und handelsrechtlicher Aufbewahrungsfristen gespeichert und dann nach Fristablauf gel\u00f6scht, sofern Sie der weitergehenden Verarbeitung und Nutzung nicht zugestimmt haben.<\/p>\n<p>[\/et_pb_text][et_pb_text admin_label=&#8220;Text Rechte der betroffenen Person&#8220; _builder_version=&#8220;4.16&#8243; global_colors_info=&#8220;{}&#8220;]<\/p>\n<h4>Rechte der betroffenen Person\u2028<\/h4>\n<p>Ihnen stehen bei Vorliegen der gesetzlichen Voraussetzungen folgende Rechte nach Art. 15 bis 20 DSGVO zu: Recht auf Auskunft, auf Berichtigung, auf L\u00f6schung, auf Einschr\u00e4nkung der Verarbeitung, auf Daten\u00fcbertragbarkeit.\u2028 Au\u00dferdem steht Ihnen nach Art. 21 (1) DSGVO ein Widerspruchsrecht gegen die Verarbeitungen zu, die auf Art. 6 (1) f DSGVO beruhen, sowie gegen die Verarbeitung zum Zwecke von Direktwerbung.<\/p>\n<p>Sie haben gem\u00e4\u00df Art. 77 DSGVO das Recht, sich bei der Aufsichtsbeh\u00f6rde zu beschweren, wenn Sie der Ansicht sind, dass die Verarbeitung Ihrer personenbezogenen Daten nicht rechtm\u00e4\u00dfig erfolgt.<\/p>\n<p>[\/et_pb_text][et_pb_text admin_label=&#8220;Text Kontakt bei Fragen&#8220; _builder_version=&#8220;4.16&#8243; global_colors_info=&#8220;{}&#8220;]<\/p>\n<p>Bei Fragen zu diesem Datenschutzhinweis k\u00f6nnen Sie uns auf Wunsch kontaktieren: Die Kontaktdaten finden Sie auf unserer <a href=\"https:\/\/www.stz-fr.de\/cms\/kontakt\/\">Kontaktseite<\/a> sowie in unserem <a href=\"https:\/\/www.stz-fr.de\/cms\/kontakt\/rechtliche-informationen\/impressum\/\">Impressum<\/a>.<\/p>\n<p>[\/et_pb_text][\/et_pb_column][\/et_pb_row][\/et_pb_section][et_pb_section fb_built=&#8220;1&#8243; admin_label=&#8220;section&#8220; _builder_version=&#8220;4.16&#8243; custom_padding=&#8220;0px|||&#8220; global_colors_info=&#8220;{}&#8220;][et_pb_row _builder_version=&#8220;4.16&#8243; background_size=&#8220;initial&#8220; background_position=&#8220;top_left&#8220; background_repeat=&#8220;repeat&#8220; global_colors_info=&#8220;{}&#8220;][et_pb_column type=&#8220;4_4&#8243; _builder_version=&#8220;4.16&#8243; custom_padding=&#8220;|||&#8220; global_colors_info=&#8220;{}&#8220; custom_padding__hover=&#8220;|||&#8220;][et_pb_divider color=&#8220;rgba(20,35,0,0.32)&#8220; _builder_version=&#8220;4.16&#8243; global_colors_info=&#8220;{}&#8220;][\/et_pb_divider][et_pb_text admin_label=&#8220;Headline Cookies&#8220; module_id=&#8220;cookie&#8220; _builder_version=&#8220;4.16&#8243; global_colors_info=&#8220;{}&#8220;]<\/p>\n<h1>COOKIES<\/h1>\n<p>[\/et_pb_text][et_pb_divider color=&#8220;rgba(20,35,0,0.32)&#8220; _builder_version=&#8220;4.16&#8243; global_colors_info=&#8220;{}&#8220;][\/et_pb_divider][\/et_pb_column][\/et_pb_row][et_pb_row admin_label=&#8220;row&#8220; _builder_version=&#8220;4.16&#8243; background_size=&#8220;initial&#8220; background_position=&#8220;top_left&#8220; background_repeat=&#8220;repeat&#8220; global_colors_info=&#8220;{}&#8220; column_structure=&#8220;1_2,1_2&#8243;][et_pb_column type=&#8220;1_2&#8243; _builder_version=&#8220;4.16&#8243; custom_padding=&#8220;|||&#8220; global_colors_info=&#8220;{}&#8220; custom_padding__hover=&#8220;|||&#8220;][et_pb_text admin_label=&#8220;Text Cookies 1&#8243; _builder_version=&#8220;4.16&#8243; global_colors_info=&#8220;{}&#8220;]<\/p>\n<p>Cookies sind kleine Textdateien, die auf Ihrem Computer, Tablet oder Smartphone abgelegt werden, wenn Sie bestimmte Websites besuchen. Cookies bleiben \u00fcber das Ende einer Browser-Sitzung gespeichert. Cookies erm\u00f6glichen es so, das Endger\u00e4t des Nutzers bei einem Wiederaufruf einer Website zu erkennen.<\/p>\n<p>Auch diese Website verwendet einerseits technische Cookies, welche der Navigation, der Funktion und der Verbesserung der Leistung der Website dienen und andererseits Cookies von Dritten. Diese Cookies von Dritten k\u00f6nnen sowohl technische Cookies als auch Profilierungscookies sein, welche der Statistik und der Datensammlung dienen, um dem Benutzer Werbebotschaften zu senden, die ihn interessieren (Cookies f\u00fcr Marketing- und Retargetingzwecke).<\/p>\n<p>Weitere Informationen zum Thema Cookies finden Sie auf der Website der European Interactive Digital Advertising Alliance: <a href=\"http:\/\/www.youronlinechoices.eu\" target=\"_blank\" rel=\"noopener\">www.youronlinechoices.eu<\/a> oder auch bei <a href=\"http:\/\/de.wikipedia.org\/wiki\/HTTP-Cookie\" target=\"_blank\" rel=\"noopener\">Wikipedia<\/a>.<\/p>\n<p>[\/et_pb_text][\/et_pb_column][et_pb_column type=&#8220;1_2&#8243; _builder_version=&#8220;4.16&#8243; custom_padding=&#8220;|||&#8220; global_colors_info=&#8220;{}&#8220; custom_padding__hover=&#8220;|||&#8220;][et_pb_text admin_label=&#8220;Text Cookies 2: Deaktivieren&#8220; _builder_version=&#8220;4.16&#8243; global_colors_info=&#8220;{}&#8220;]<\/p>\n<p><strong>Benutzer k\u00f6nnen Cookies deaktivieren:<\/strong><\/p>\n<p>Anleitungen, wie Sie Cookies in Ihrem Browser deaktivieren bzw. ablehnen k\u00f6nnen, finden Sie unter folgenden Links:<\/p>\n<ul>\n<li><a title=\"Cookies erlauben und ablehnen\" href=\"https:\/\/support.mozilla.org\/de\/kb\/cookies-erlauben-und-ablehnen\" target=\"_blank\" rel=\"noopener\">Mozilla Firefox<\/a><\/li>\n<li><a title=\"L\u00f6schen und Verwalten von Cookies\" href=\"http:\/\/windows.microsoft.com\/de-de\/internet-explorer\/delete-manage-cookies\" target=\"_blank\" rel=\"noopener\">Windows Internet Explorer<\/a><\/li>\n<li><a title=\"L\u00f6schen und Verwalten von Cookies\" href=\"https:\/\/support.google.com\/chrome\/answer\/95647?hl=de\" target=\"_blank\" rel=\"noopener\">Google Chrome<\/a><\/li>\n<li><a title=\"Cookie\" href=\"http:\/\/help.opera.com\/Windows\/10.00\/de\/cookies.html\" target=\"_blank\" rel=\"noopener\">Opera<\/a><\/li>\n<li><a title=\"Safari-Webeinstellungen \" href=\"https:\/\/support.apple.com\/de-de\/HT201265\" target=\"_blank\" rel=\"noopener\">Apple Safari<\/a><\/li>\n<\/ul>\n<p>Bitte beachten Sie: Wenn Sie entscheiden, Cookies zu deaktivieren oder abzulehnen, k\u00f6nnen Sie auf einige Teile der Website m\u00f6glicherweise nicht zugreifen oder sie funktionieren nicht ordnungsgem\u00e4\u00df.<\/p>\n<p>[\/et_pb_text][et_pb_text admin_label=&#8220;Text Cookies 3: Links zu Informationsseiten&#8220; _builder_version=&#8220;4.16&#8243; global_colors_info=&#8220;{}&#8220;]<\/p>\n<p><strong>Informationsseiten von Drittanbieter \u00fcber ihre Cookies:<\/strong><\/p>\n<ul>\n<li><a href=\"http:\/\/www.google.com\/intl\/de\/policies\/\" target=\"_blank\" rel=\"noopener\">Google<\/a><\/li>\n<li><a href=\"http:\/\/www.google.com\/intl\/de\/policies\/technologies\/cookies\/\" target=\"_blank\" rel=\"noopener\"> Google Analytics <\/a><\/li>\n<li><a href=\"http:\/\/www.google.com\/intl\/de\/policies\/technologies\/cookies\/\" target=\"_blank\" rel=\"noopener\"> Youtube <\/a><\/li>\n<li><a href=\"http:\/\/www.google.com\/intl\/de\/policies\/technologies\/cookies\/\" target=\"_blank\" rel=\"noopener\"> Google Maps <\/a><\/li>\n<li><a href=\"https:\/\/www.facebook.com\/help\/cookies\/\" target=\"_blank\" rel=\"noopener\"> Facebook <\/a><\/li>\n<li><a href=\"http:\/\/www.google.com\/intl\/de\/policies\/technologies\/cookies\/\" target=\"_blank\" rel=\"noopener\"> Google Plus <\/a><\/li>\n<li><a href=\"https:\/\/twitter.com\/privacy?lang=de\" target=\"_blank\" rel=\"noopener\">Twitter<\/a><\/li>\n<li><a href=\"http:\/\/www.microsoft.com\/privacystatement\/de-de\/core\/default.aspx\" target=\"_blank\" rel=\"noopener\">Microsoft<\/a><\/li>\n<\/ul>\n<p>[\/et_pb_text][\/et_pb_column][\/et_pb_row][\/et_pb_section][et_pb_section fb_built=&#8220;1&#8243; admin_label=&#8220;section&#8220; _builder_version=&#8220;4.16&#8243; custom_padding=&#8220;0px|||&#8220; global_colors_info=&#8220;{}&#8220;][et_pb_row _builder_version=&#8220;4.16&#8243; background_size=&#8220;initial&#8220; background_position=&#8220;top_left&#8220; background_repeat=&#8220;repeat&#8220; global_colors_info=&#8220;{}&#8220;][et_pb_column type=&#8220;4_4&#8243; _builder_version=&#8220;4.16&#8243; custom_padding=&#8220;|||&#8220; global_colors_info=&#8220;{}&#8220; custom_padding__hover=&#8220;|||&#8220;][et_pb_divider color=&#8220;rgba(20,35,0,0.32)&#8220; _builder_version=&#8220;4.16&#8243; global_colors_info=&#8220;{}&#8220;][\/et_pb_divider][et_pb_text admin_label=&#8220;Headline Externe Datenerhebung&#8220; _builder_version=&#8220;4.16&#8243; global_colors_info=&#8220;{}&#8220;]<\/p>\n<h1>DATENERHEBUNG EXTERNER ANGEBOTE<\/h1>\n<p>[\/et_pb_text][et_pb_divider color=&#8220;rgba(20,35,0,0.32)&#8220; _builder_version=&#8220;4.16&#8243; global_colors_info=&#8220;{}&#8220;][\/et_pb_divider][\/et_pb_column][\/et_pb_row][et_pb_row _builder_version=&#8220;4.16&#8243; background_size=&#8220;initial&#8220; background_position=&#8220;top_left&#8220; background_repeat=&#8220;repeat&#8220; global_colors_info=&#8220;{}&#8220; column_structure=&#8220;1_2,1_2&#8243;][et_pb_column type=&#8220;1_2&#8243; _builder_version=&#8220;4.16&#8243; custom_padding=&#8220;|||&#8220; global_colors_info=&#8220;{}&#8220; custom_padding__hover=&#8220;|||&#8220;][et_pb_text admin_label=&#8220;Text Facebook&#8220; _builder_version=&#8220;4.16&#8243; global_colors_info=&#8220;{}&#8220;]<\/p>\n<h4>Einsatz und Verwendung von Facebook<\/h4>\n<p>Auf unseren Seiten sind Plugins des sozialen Netzwerks Facebook, 1601 South California Avenue, Palo Alto, CA 94304, USA integriert. Die Facebook-Plugins erkennen Sie an dem Facebook-Logo oder dem \u201eLike-Button\u201c (\u201eGef\u00e4llt mir\u201c) auf unserer Seite. Eine \u00dcbersicht \u00fcber die Facebook-Plugins finden Sie hier: <a href=\"http:\/\/developers.facebook.com\/docs\/plugins\/\" target=\"_blank\" rel=\"noopener\">http:\/\/developers.facebook.com\/docs\/plugins\/<\/a>. Wenn Sie unsere Seiten besuchen, wird \u00fcber das Plugin eine direkte Verbindung zwischen Ihrem Browser und dem Facebook-Server hergestellt. Facebook erh\u00e4lt dadurch die Information, dass Sie mit Ihrer IP-Adresse unsere Seite besucht haben. Wenn Sie den Facebook \u201eLike-Button\u201c anklicken w\u00e4hrend Sie in Ihrem Facebook-Account eingeloggt sind, k\u00f6nnen Sie die Inhalte unserer Seiten auf Ihrem Facebook-Profil verlinken. Dadurch kann Facebook den Besuch unserer Seiten Ihrem Benutzerkonto zuordnen. Wir weisen darauf hin, dass wir als Anbieter der Seiten keine Kenntnis vom Inhalt der \u00fcbermittelten Daten sowie deren Nutzung durch Facebook erhalten. Weitere Informationen hierzu finden Sie in der Datenschutzerkl\u00e4rung von Facebook unter <a href=\"http:\/\/de-de.facebook.com\/policy.php\" target=\"_blank\" rel=\"noopener\">http:\/\/de-de.facebook.com\/policy.php<\/a> Wenn Sie nicht w\u00fcnschen, dass Facebook den Besuch unserer Seiten Ihrem Facebook-Nutzerkonto zuordnen kann, loggen Sie sich bitte aus Ihrem Facebook-Benutzerkonto aus.<\/p>\n<p>&nbsp;<\/p>\n<p>[\/et_pb_text][et_pb_text admin_label=&#8220;Text YouTube&#8220; _builder_version=&#8220;4.16&#8243; global_colors_info=&#8220;{}&#8220;]<\/p>\n<h4>Einsatz und Verwendung von YouTube<\/h4>\n<p>Auf dieser Internetseite sind Komponenten des Internet-Video-Portals YouTube integriert. Betreibergesellschaft von YouTube ist die YouTube, LLC, 901 Cherry Ave., San Bruno, CA 94066, USA. Die YouTube, LLC ist einer Tochtergesellschaft der Google Inc., 1600 Amphitheatre Pkwy, Mountain View, CA 94043-1351, USA.<\/p>\n<p>Durch jeden Aufruf einer Seite auf welcher eine YouTube-Komponente (YouTube-Video) integriert wurde, wird Ihr Internetbrowser veranlasst, eine Darstellung der entsprechenden Komponente von YouTube herunterzuladen. Weitere Informationen zu YouTube k\u00f6nnen unter <a href=\"https:\/\/www.youtube.com\/yt\/about\/de\/\" target=\"_blank\" rel=\"noopener\">https:\/\/www.youtube.com\/yt\/about\/de\/<\/a> abgerufen werden. Im Rahmen dieses technischen Verfahrens erhalten YouTube und Google Kenntnis dar\u00fcber, welche konkrete Unterseite unserer Internetseite durch die betroffene Person besucht wird. Sofern die betroffene Person gleichzeitig bei YouTube eingeloggt ist, werden diese Informationen durch YouTube und Google gesammelt und dem jeweiligen YouTube-Account der betroffenen Person zugeordnet. Dies findet unabh\u00e4ngig davon statt, ob die betroffene Person ein YouTube-Video anklickt oder nicht. Ist eine derartige \u00dcbermittlung dieser Informationen an YouTube und Google von der betroffenen Person nicht gewollt, kann diese die \u00dcbermittlung dadurch verhindern, dass sie sich vor einem Aufruf unserer Internetseite aus ihrem YouTube-Account ausloggt.<\/p>\n<p>Die von YouTube ver\u00f6ffentlichten Datenschutzbestimmungen, die unter <a href=\"https:\/\/www.google.de\/intl\/de\/policies\/privacy\/\" target=\"_blank\" rel=\"noopener\">https:\/\/www.google.de\/intl\/de\/policies\/privacy\/<\/a> abrufbar sind, geben Aufschluss \u00fcber die Erhebung, Verarbeitung und Nutzung personenbezogener Daten durch YouTube und Google.<\/p>\n<p>[\/et_pb_text][\/et_pb_column][et_pb_column type=&#8220;1_2&#8243; _builder_version=&#8220;4.16&#8243; custom_padding=&#8220;|||&#8220; global_colors_info=&#8220;{}&#8220; custom_padding__hover=&#8220;|||&#8220;][et_pb_text admin_label=&#8220;Text Google Analytics&#8220; _builder_version=&#8220;4.16&#8243; global_colors_info=&#8220;{}&#8220;]<\/p>\n<h4>Einsatz und Verwendung von Google Analytics<\/h4>\n<p>Diese Website benutzt Google Analytics, einen Webanalysedienst der Google Inc. (\u201eGoogle\u201c). Google Analytics verwendet sog. \u201eCookies\u201c, Textdateien, die auf Ihrem Computer gespeichert werden und die eine Analyse der Benutzung der Website durch Sie erm\u00f6glichen. Die durch den Cookie erzeugten Informationen \u00fcber Ihre Benutzung dieser Website werden in der Regel an einen Server von Google in den USA \u00fcbertragen und dort gespeichert.<\/p>\n<p>Im Falle der Aktivierung der IP-Anonymisierung auf dieser Webseite, wird Ihre IP-Adresse von Google innerhalb von Mitgliedstaaten der Europ\u00e4ischen Union oder in anderen Vertragsstaaten des Abkommens \u00fcber den Europ\u00e4ischen Wirtschaftsraum zuvor gek\u00fcrzt. Nur in Ausnahmef\u00e4llen wird die volle IP-Adresse an einen Server von Google in den USA \u00fcbertragen und dort gek\u00fcrzt. Auf dieser Webseite ist die anonyme IP-Adresse aktiv. Im Auftrag des Betreibers dieser Website wird Google diese Informationen benutzen, um Ihre Nutzung der Website auszuwerten, um Reports \u00fcber die Websiteaktivit\u00e4ten zusammenzustellen und um weitere mit der Websitenutzung und der Internetnutzung verbundene Dienstleistungen gegen\u00fcber dem Websitebetreiber zu erbringen.<\/p>\n<p>Die im Rahmen von Google Analytics von Ihrem Browser \u00fcbermittelte IP-Adresse wird nicht mit anderen Daten von Google zusammengef\u00fchrt. Sie k\u00f6nnen die Speicherung der Cookies durch eine entsprechende Einstellung Ihrer Browser-Software verhindern; wir weisen Sie jedoch darauf hin, dass Sie in diesem Fall gegebenenfalls nicht s\u00e4mtliche Funktionen dieser Website vollumf\u00e4nglich werden nutzen k\u00f6nnen. Sie k\u00f6nnen dar\u00fcber hinaus die Erfassung der durch das Cookie erzeugten und auf Ihre Nutzung der Website bezogenen Daten (inkl. Ihrer IP-Adresse) an Google sowie die Verarbeitung dieser Daten durch Google verhindern, indem sie das unter dem folgenden Link verf\u00fcgbare Browser-Plugin herunterladen und installieren. Der aktuelle Link ist <a href=\"http:\/\/tools.google.com\/dlpage\/gaoptout?hl=de\">http:\/\/tools.google.com\/dlpage\/gaoptout?hl=de<\/a>.<\/p>\n<p>[\/et_pb_text][et_pb_text admin_label=&#8220;Text Google Maps&#8220; _builder_version=&#8220;4.16&#8243; global_colors_info=&#8220;{}&#8220;]<\/p>\n<h4>Einsatz und Verwendung von Google Maps<\/h4>\n<p>Auf dieser Webseite werden Komponenten der API von \u201eGoogle Maps\u201c \u2013 ein Kartendienst der Google Inc., 1600 Amphitheatre Parkway, Mountain View, California, 94043 (\u201eGoogle\u201c) \u2013 eingesetzt, um geographische Informationen \u2013 z.B. Karten \u2013 interaktiv visuell darzustellen. Bei der Nutzung des Kartendienstes \u201eGoogle Maps\u201c werden von Google auch Daten \u00fcber die Nutzung der Maps-Funktionen durch Besucher (einschlie\u00dflich der IP-Adresse) der Webseiten erhoben, verarbeitet und genutzt. N\u00e4here Informationen \u00fcber die Datenspeicherung und -verarbeitung durch Google k\u00f6nnen Sie den <a href=\"https:\/\/policies.google.com\/privacy?hl=de\" target=\"_blank\" rel=\"noopener\">Datenschutzhinweisen von Google<\/a> entnehmen. Dort k\u00f6nnen Sie im Datenschutzcenter auch Ihre Einstellungen ver\u00e4ndern, so dass Sie Ihre Daten verwalten und sch\u00fctzen k\u00f6nnen.<\/p>\n<p>[\/et_pb_text][\/et_pb_column][\/et_pb_row][et_pb_row disabled_on=&#8220;on|on|on&#8220; _builder_version=&#8220;4.16&#8243; disabled=&#8220;on&#8220; global_colors_info=&#8220;{}&#8220; column_structure=&#8220;1_2,1_2&#8243;][et_pb_column type=&#8220;1_2&#8243; _builder_version=&#8220;4.16&#8243; custom_padding=&#8220;|||&#8220; global_colors_info=&#8220;{}&#8220; custom_padding__hover=&#8220;|||&#8220;][et_pb_text admin_label=&#8220;Text Twitter&#8220; _builder_version=&#8220;4.16&#8243; global_colors_info=&#8220;{}&#8220;]<\/p>\n<h2>Twitter<\/h2>\n<p>Diese Website benutzt Funktionen des Dienstes Twitter. Diese Funktionen werden angeboten durch die Twitter Inc., 795 Folsom St., Suite 600, San Francisco, CA 94107, USA. Durch das Benutzen von Twitter und der Funktion \u201eRe-Tweet\u201c werden die von Ihnen besuchten Webseiten mit Ihrem Twitter-Account verkn\u00fcpft und anderen Nutzern bekannt gegeben. Dabei werden auch Daten an Twitter \u00fcbertragen. Wir weisen darauf hin, dass wir keine Kenntnis vom Inhalt der \u00fcbermittelten Daten sowie deren Nutzung durch Twitter erhalten. Weitere Informationen finden Sie in der Datenschutzerkl\u00e4rung von Twitter unter <a href=\"http:\/\/twitter.com\/privacy\" target=\"_blank\" rel=\"noopener\">http:\/\/twitter.com\/privacy<\/a>. Ihre Datenschutzeinstellungen bei Twitter k\u00f6nnen Sie in den Konto-Einstellungen unter <a href=\"http:\/\/twitter.com\/account\/settings\" target=\"_blank\" rel=\"noopener\">http:\/\/twitter.com\/account\/settings<\/a> \u00e4ndern.<\/p>\n<p>[\/et_pb_text][\/et_pb_column][et_pb_column type=&#8220;1_2&#8243; _builder_version=&#8220;4.16&#8243; custom_padding=&#8220;|||&#8220; global_colors_info=&#8220;{}&#8220; custom_padding__hover=&#8220;|||&#8220;][et_pb_text admin_label=&#8220;Text Google+&#8220; _builder_version=&#8220;4.16&#8243; global_colors_info=&#8220;{}&#8220;]<\/p>\n<h2>Google+<\/h2>\n<p>Mithilfe der Google +1-Schaltfl\u00e4che k\u00f6nnen Sie Informationen weltweit ver\u00f6ffentlichen. \u00dcber die Google +1-Schaltfl\u00e4che erhalten Sie und andere Nutzer personalisierte Inhalte von Google und unseren Partnern. Google speichert sowohl die Information, dass Sie f\u00fcr einen Inhalt +1 gegeben haben, als auch Informationen \u00fcber die Seite, die Sie beim Klicken auf +1 angesehen haben. Ihre +1 k\u00f6nnen als Hinweise zusammen mit Ihrem Profilnamen und Ihrem Foto in Google-Diensten, wie etwa in Suchergebnissen oder in Ihrem Google-Profil, oder an anderen Stellen auf Websites und Anzeigen im Internet eingeblendet werden. Google zeichnet Informationen \u00fcber Ihre +1-Aktivit\u00e4ten auf, um die Google-Dienste f\u00fcr Sie und andere zu verbessern. Um die Google +1-Schaltfl\u00e4che verwenden zu k\u00f6nnen, ben\u00f6tigen Sie ein weltweit sichtbares, \u00f6ffentliches Google-Profil, das zumindest den f\u00fcr das Profil gew\u00e4hlten Namen enthalten muss. Dieser Name wird in allen Google-Diensten verwendet. In manchen F\u00e4llen kann dieser Name auch einen anderen Namen ersetzen, den Sie beim Teilen von Inhalten \u00fcber Ihr Google-Konto verwendet haben. Die Identit\u00e4t Ihres Google-Profils kann Nutzern angezeigt werden, die Ihre E-Mail-Adresse kennen oder \u00fcber andere identifizierende Informationen von Ihnen verf\u00fcgen. Verwendung der erfassten Informationen: Neben den oben erl\u00e4uterten Verwendungszwecken werden die von Ihnen bereitgestellten Informationen gem\u00e4\u00df den geltenden Google-Datenschutzbestimmungen genutzt. Google ver\u00f6ffentlicht m\u00f6glicherweise zusammengefasste Statistiken \u00fcber die +1-Aktivit\u00e4ten der Nutzer bzw. gibt diese an Nutzer und Partner weiter, wie etwa Publisher, Inserenten oder verbundene Websites.<\/p>\n<p>[\/et_pb_text][\/et_pb_column][\/et_pb_row][\/et_pb_section][et_pb_section fb_built=&#8220;1&#8243; _builder_version=&#8220;4.16&#8243; custom_padding=&#8220;||0px|&#8220; global_colors_info=&#8220;{}&#8220;][et_pb_row _builder_version=&#8220;4.16&#8243; background_size=&#8220;initial&#8220; background_position=&#8220;top_left&#8220; background_repeat=&#8220;repeat&#8220; global_colors_info=&#8220;{}&#8220;][et_pb_column type=&#8220;4_4&#8243; _builder_version=&#8220;4.16&#8243; custom_padding=&#8220;|||&#8220; global_colors_info=&#8220;{}&#8220; custom_padding__hover=&#8220;|||&#8220;][et_pb_divider color=&#8220;rgba(20,35,0,0.32)&#8220; _builder_version=&#8220;4.16&#8243; global_colors_info=&#8220;{}&#8220;][\/et_pb_divider][\/et_pb_column][\/et_pb_row][et_pb_row _builder_version=&#8220;4.16&#8243; background_size=&#8220;initial&#8220; background_position=&#8220;top_left&#8220; background_repeat=&#8220;repeat&#8220; global_colors_info=&#8220;{}&#8220;][et_pb_column type=&#8220;4_4&#8243; _builder_version=&#8220;4.16&#8243; custom_padding=&#8220;|||&#8220; global_colors_info=&#8220;{}&#8220; custom_padding__hover=&#8220;|||&#8220;][et_pb_text admin_label=&#8220;Text \u00c4nderungen&#8220; _builder_version=&#8220;4.16&#8243; global_colors_info=&#8220;{}&#8220;]<\/p>\n<h4>\u00c4nderungen dieser Datenschutzbestimmungen<\/h4>\n<p>Wir werden diese Richtlinien zum Schutz Ihrer pers\u00f6nlichen Daten von Zeit zu Zeit aktualisieren. Sie sollten sich diese Richtlinien gelegentlich ansehen, um auf dem Laufenden dar\u00fcber zu bleiben, wie wir Ihre Daten sch\u00fctzen und die Inhalte unserer Website stetig verbessern. Sollten wir wesentliche \u00c4nderungen bei der Sammlung, der Nutzung und\/oder der Weitergabe der uns von Ihnen zur Verf\u00fcgung gestellten personenbezogenen Daten vornehmen, werden wir Sie durch einen eindeutigen und gut sichtbaren Hinweis auf der Website darauf aufmerksam machen.<\/p>\n<p>Mit der Nutzung der Webseite erkl\u00e4ren Sie sich mit den Bedingungen dieser Richtlinien zum Schutz pers\u00f6nlicher Daten einverstanden.<\/p>\n<p>[\/et_pb_text][\/et_pb_column][\/et_pb_row][et_pb_row _builder_version=&#8220;4.16&#8243; background_size=&#8220;initial&#8220; background_position=&#8220;top_left&#8220; background_repeat=&#8220;repeat&#8220; global_colors_info=&#8220;{}&#8220;][et_pb_column type=&#8220;4_4&#8243; _builder_version=&#8220;4.16&#8243; custom_padding=&#8220;|||&#8220; global_colors_info=&#8220;{}&#8220; custom_padding__hover=&#8220;|||&#8220;][et_pb_divider color=&#8220;rgba(20,35,0,0.32)&#8220; _builder_version=&#8220;4.16&#8243; global_colors_info=&#8220;{}&#8220;][\/et_pb_divider][\/et_pb_column][\/et_pb_row][\/et_pb_section]<\/p>\n","protected":false},"excerpt":{"rendered":"<p>DATENSCHUTZ Das Zentrum f\u00fcr Strahlentherapie nimmt den Schutz Ihrer pers\u00f6nlichen Daten sehr ernst. Wir behandeln Ihre personenbezogenen Daten vertraulich und entsprechend der gesetzlichen Datenschutzvorschriften sowie dieser Datenschutzerkl\u00e4rung. Die Nutzung unserer Webseite ist in der Regel ohne Angabe personenbezogener Daten m\u00f6glich. Soweit auf unseren Seiten personenbezogene Daten (beispielsweise Name, Anschrift oder E-Mail-Adressen) erhoben werden, erfolgt dies, [&hellip;]<\/p>\n","protected":false},"author":1,"featured_media":0,"parent":961,"menu_order":1,"comment_status":"closed","ping_status":"closed","template":"","meta":{"_et_pb_use_builder":"on","_et_pb_old_content":"","_et_gb_content_width":"","footnotes":""},"class_list":["post-2079","page","type-page","status-publish","hentry"],"_links":{"self":[{"href":"https:\/\/www.stz-fr.de\/cms\/wp-json\/wp\/v2\/pages\/2079","targetHints":{"allow":["GET"]}}],"collection":[{"href":"https:\/\/www.stz-fr.de\/cms\/wp-json\/wp\/v2\/pages"}],"about":[{"href":"https:\/\/www.stz-fr.de\/cms\/wp-json\/wp\/v2\/types\/page"}],"author":[{"embeddable":true,"href":"https:\/\/www.stz-fr.de\/cms\/wp-json\/wp\/v2\/users\/1"}],"replies":[{"embeddable":true,"href":"https:\/\/www.stz-fr.de\/cms\/wp-json\/wp\/v2\/comments?post=2079"}],"version-history":[{"count":0,"href":"https:\/\/www.stz-fr.de\/cms\/wp-json\/wp\/v2\/pages\/2079\/revisions"}],"up":[{"embeddable":true,"href":"https:\/\/www.stz-fr.de\/cms\/wp-json\/wp\/v2\/pages\/961"}],"wp:attachment":[{"href":"https:\/\/www.stz-fr.de\/cms\/wp-json\/wp\/v2\/media?parent=2079"}],"curies":[{"name":"wp","href":"https:\/\/api.w.org\/{rel}","templated":true}]}}