{"id":94,"date":"2016-05-19T17:22:42","date_gmt":"2016-05-19T15:22:42","guid":{"rendered":"http:\/\/k-stz.beebox.de\/cms\/?page_id=94"},"modified":"2024-08-16T12:39:12","modified_gmt":"2024-08-16T10:39:12","slug":"brustkrebs","status":"publish","type":"page","link":"https:\/\/www.stz-fr.de\/cms\/behandlungsangebot\/strahlentherapie-krebserkrankung\/brustkrebs\/","title":{"rendered":"Brustkrebs"},"content":{"rendered":"<p>[et_pb_section fb_built=&#8220;1&#8243; fullwidth=&#8220;on&#8220; _builder_version=&#8220;4.16&#8243; global_colors_info=&#8220;{}&#8220;][et_pb_fullwidth_slider module_id=&#8220;bbxTopmotiv400&#8243; _builder_version=&#8220;4.16&#8243; background_position=&#8220;top_left&#8220; custom_padding=&#8220;|||&#8220; custom_padding_tablet=&#8220;|||&#8220; custom_padding_phone=&#8220;|||&#8220; box_shadow_style=&#8220;preset6&#8243; box_shadow_blur=&#8220;10px&#8220; box_shadow_color=&#8220;rgba(0,0,0,0.1)&#8220; remove_inner_shadow=&#8220;off&#8220; hide_content_on_mobile=&#8220;off&#8220; hide_cta_on_mobile=&#8220;off&#8220; show_inner_shadow=&#8220;on&#8220; button_letter_spacing_hover=&#8220;0&#8243; global_colors_info=&#8220;{}&#8220; button_text_size__hover_enabled=&#8220;off&#8220; button_one_text_size__hover_enabled=&#8220;off&#8220; button_two_text_size__hover_enabled=&#8220;off&#8220; button_text_color__hover_enabled=&#8220;off&#8220; button_one_text_color__hover_enabled=&#8220;off&#8220; button_two_text_color__hover_enabled=&#8220;off&#8220; button_border_width__hover_enabled=&#8220;off&#8220; button_one_border_width__hover_enabled=&#8220;off&#8220; button_two_border_width__hover_enabled=&#8220;off&#8220; button_border_color__hover_enabled=&#8220;off&#8220; button_one_border_color__hover_enabled=&#8220;off&#8220; button_two_border_color__hover_enabled=&#8220;off&#8220; button_border_radius__hover_enabled=&#8220;off&#8220; button_one_border_radius__hover_enabled=&#8220;off&#8220; button_two_border_radius__hover_enabled=&#8220;off&#8220; button_letter_spacing__hover_enabled=&#8220;on&#8220; button_letter_spacing__hover=&#8220;0&#8243; button_one_letter_spacing__hover_enabled=&#8220;off&#8220; button_two_letter_spacing__hover_enabled=&#8220;off&#8220; button_bg_color__hover_enabled=&#8220;off&#8220; button_one_bg_color__hover_enabled=&#8220;off&#8220; button_two_bg_color__hover_enabled=&#8220;off&#8220;][et_pb_slide use_bg_overlay=&#8220;off&#8220; use_text_overlay=&#8220;off&#8220; _builder_version=&#8220;4.16&#8243; header_font=&#8220;||||&#8220; body_font=&#8220;||||&#8220; background_color=&#8220;#ffffff&#8220; background_image=&#8220;https:\/\/www.stz-fr.de\/cms\/wp-content\/uploads\/2017\/06\/Top-Motiv-1920&#215;640-Brustkrebs.jpg&#8220; background_position=&#8220;top_left&#8220; button_icon_placement=&#8220;right&#8220; button_on_hover=&#8220;on&#8220; global_colors_info=&#8220;{}&#8220; button_text_size__hover_enabled=&#8220;off&#8220; button_one_text_size__hover_enabled=&#8220;off&#8220; button_two_text_size__hover_enabled=&#8220;off&#8220; button_text_color__hover_enabled=&#8220;off&#8220; button_one_text_color__hover_enabled=&#8220;off&#8220; button_two_text_color__hover_enabled=&#8220;off&#8220; button_border_width__hover_enabled=&#8220;off&#8220; button_one_border_width__hover_enabled=&#8220;off&#8220; button_two_border_width__hover_enabled=&#8220;off&#8220; button_border_color__hover_enabled=&#8220;off&#8220; button_one_border_color__hover_enabled=&#8220;off&#8220; button_two_border_color__hover_enabled=&#8220;off&#8220; button_border_radius__hover_enabled=&#8220;off&#8220; button_one_border_radius__hover_enabled=&#8220;off&#8220; button_two_border_radius__hover_enabled=&#8220;off&#8220; button_letter_spacing__hover_enabled=&#8220;off&#8220; button_one_letter_spacing__hover_enabled=&#8220;off&#8220; button_two_letter_spacing__hover_enabled=&#8220;off&#8220; button_bg_color__hover_enabled=&#8220;off&#8220; button_one_bg_color__hover_enabled=&#8220;off&#8220; button_two_bg_color__hover_enabled=&#8220;off&#8220; sticky_transition=&#8220;on&#8220;][\/et_pb_slide][\/et_pb_fullwidth_slider][\/et_pb_section][et_pb_section fb_built=&#8220;1&#8243; custom_padding_last_edited=&#8220;on|desktop&#8220; _builder_version=&#8220;4.16&#8243; background_color=&#8220;#ffffff&#8220; custom_padding_tablet=&#8220;50px|0|50px|0&#8243; custom_padding_phone=&#8220;&#8220; transparent_background=&#8220;off&#8220; padding_mobile=&#8220;off&#8220; make_fullwidth=&#8220;off&#8220; use_custom_width=&#8220;off&#8220; width_unit=&#8220;on&#8220; global_colors_info=&#8220;{}&#8220;][et_pb_row padding_mobile=&#8220;off&#8220; column_padding_mobile=&#8220;on&#8220; _builder_version=&#8220;4.16&#8243; background_size=&#8220;initial&#8220; background_position=&#8220;top_left&#8220; background_repeat=&#8220;repeat&#8220; make_fullwidth=&#8220;off&#8220; use_custom_width=&#8220;off&#8220; width_unit=&#8220;on&#8220; global_colors_info=&#8220;{}&#8220;][et_pb_column type=&#8220;4_4&#8243; _builder_version=&#8220;4.16&#8243; custom_padding=&#8220;|||&#8220; global_colors_info=&#8220;{}&#8220; custom_padding__hover=&#8220;|||&#8220;][et_pb_text admin_label=&#8220;Headline BRUSTKREBS&#8220; _builder_version=&#8220;4.16&#8243; use_border_color=&#8220;off&#8220; global_colors_info=&#8220;{}&#8220;]<\/p>\n<h1 style=\"text-align: left;\"><span style=\"color: #50a000;\">STRAHLENTHERAPIE BEI BRUSTKREBS<\/span><\/h1>\n<p>[\/et_pb_text][\/et_pb_column][\/et_pb_row][et_pb_row padding_mobile=&#8220;off&#8220; column_padding_mobile=&#8220;on&#8220; _builder_version=&#8220;4.16&#8243; background_size=&#8220;initial&#8220; background_position=&#8220;top_left&#8220; background_repeat=&#8220;repeat&#8220; make_fullwidth=&#8220;off&#8220; use_custom_width=&#8220;off&#8220; width_unit=&#8220;on&#8220; global_colors_info=&#8220;{}&#8220;][et_pb_column type=&#8220;4_4&#8243; _builder_version=&#8220;4.16&#8243; custom_padding=&#8220;|||&#8220; global_colors_info=&#8220;{}&#8220; custom_padding__hover=&#8220;|||&#8220;][et_pb_text admin_label=&#8220;Text Intro&#8220; _builder_version=&#8220;4.16&#8243; use_border_color=&#8220;off&#8220; global_colors_info=&#8220;{}&#8220;]<\/p>\n<p style=\"text-align: left;\">Die Strahlentherapie (Radioonkologie) ist \u2013 neben der Chemotherapie und der Operation \u2013 eine der drei wichtigsten S\u00e4ulen des Behandlungskonzepts bei Brustkrebs. Wie offizielle Studien zeigen, profitieren nach brusterhaltender Therapie (BET) alle Brustkrebspatientinnen von einer Strahlentherapie, denn die Wahrscheinlichkeit des Wiederauftretens des Tumors wird deutlich reduziert. Damit hilft die Strahlentherapie, die Chance auf dauerhafte Heilung bei Brustkrebs zu verbessern.<\/p>\n<p style=\"text-align: left;\">Mit rund 70.000 Neuerkrankungen j\u00e4hrlich ist Brustkrebs die mit Abstand h\u00e4ufigste Krebserkrankung bei Frauen und die zweith\u00e4ufigste Todesursache. In Europa wird bei 1 von 9 Frauen ein Mammakarzinom festgestellt, in den USA liegt das Risiko sogar bei 1:8. Dabei z\u00e4hlen vor allem genetische und hormonelle Faktoren zu den Risikokriterien.<\/p>\n<p style=\"text-align: left;\">In unserem Zentrum profitieren Sie von den derzeit modernsten Technologien in der Strahlentherapie. Mit der <a href=\"\/cms\/die-praxis\/technik\/\"><strong>Gated-Rapid-Arc-Technologie<\/strong><\/a> erfolgt die Bestrahlung des Tumors dynamisch und sehr gezielt. Diese neueste Technik des Atemgatings (Bestrahlung nur in einer bestimmten Atemphase) ist hochwirksam und gleichzeitig schonend f\u00fcr Gewebe und umgebende Organe. Dies gilt vor allem auch f\u00fcr Reduzierung der Herzbelastung bei Bestrahlung der linken Brust. Damit erreichen wir einen effizienteren, schonenderen Therapieverlauf und eine deutliche Verbesserung der Chancen auf dauerhafte Heilung.<\/p>\n<p>[\/et_pb_text][et_pb_divider show_divider=&#8220;off&#8220; _builder_version=&#8220;4.16&#8243; height=&#8220;50px&#8220; global_colors_info=&#8220;{}&#8220;][\/et_pb_divider][\/et_pb_column][\/et_pb_row][et_pb_row column_structure=&#8220;1_3,2_3&#8243; padding_mobile=&#8220;off&#8220; column_padding_mobile=&#8220;on&#8220; _builder_version=&#8220;4.16&#8243; background_size=&#8220;initial&#8220; background_position=&#8220;top_left&#8220; background_repeat=&#8220;repeat&#8220; custom_padding=&#8220;0px|||&#8220; make_fullwidth=&#8220;off&#8220; use_custom_width=&#8220;off&#8220; width_unit=&#8220;on&#8220; global_colors_info=&#8220;{}&#8220;][et_pb_column type=&#8220;1_3&#8243; _builder_version=&#8220;4.16&#8243; custom_padding=&#8220;|||&#8220; global_colors_info=&#8220;{}&#8220; custom_padding__hover=&#8220;|||&#8220;][et_pb_image src=&#8220;https:\/\/www.stz-fr.de\/cms\/wp-content\/uploads\/2016\/05\/Motiv-Content-800&#215;600-FrauLaptop.jpg&#8220; show_bottom_space=&#8220;off&#8220; align_tablet=&#8220;center&#8220; align_phone=&#8220;center&#8220; align_last_edited=&#8220;on|desktop&#8220; _builder_version=&#8220;4.16&#8243; use_border_color=&#8220;off&#8220; border_color=&#8220;#ffffff&#8220; border_style=&#8220;solid&#8220; sticky=&#8220;on&#8220; always_center_on_mobile=&#8220;on&#8220; global_colors_info=&#8220;{}&#8220;][\/et_pb_image][\/et_pb_column][et_pb_column type=&#8220;2_3&#8243; _builder_version=&#8220;4.16&#8243; custom_padding=&#8220;|||&#8220; global_colors_info=&#8220;{}&#8220; custom_padding__hover=&#8220;|||&#8220;][et_pb_text admin_label=&#8220;Text Warum&#8220; _builder_version=&#8220;4.27.0&#8243; header_5_font_size=&#8220;17px&#8220; hover_enabled=&#8220;0&#8243; use_border_color=&#8220;off&#8220; global_colors_info=&#8220;{}&#8220; sticky_enabled=&#8220;0&#8243;]<\/p>\n<h4>Warum wird bestrahlt?<\/h4>\n<p>Wenn keine Bestrahlung erfolgt liegt die R\u00fcckfallrate f\u00fcr die operierte Brust (Lokalrezidiv) bei ca. 30% \u2013 nach einer Strahlentherapie meist unter 5-10%. Damit senkt die strahlentherapeutische Behandlung die R\u00fcckfallrate bei Brustkrebs um bis zu 80%.<\/p>\n<p>Bei Tumoren im fr\u00fchen Stadium, die kleiner als etwa 3 cm (T1\/T2-Stadium) sind, ist meist ein brusterhaltendes Vorgehen (BET) m\u00f6glich. Auch bei fortgeschrittenen Tumoren sowie bei Vorliegen mehrerer Tumorherde tr\u00e4gt die Strahlentherapie zur Heilung bei.<\/p>\n<p>Die Bestrahlung verhindert bei 100 Patientinnen etwa 20 Lokalrezidive (Wiederauftreten des Tumors). Damit erspart die Strahlentherapie den betroffenen Frauen eine Beeintr\u00e4chtigung der Lebensqualit\u00e4t und verbessert insbesondere die \u00dcberlebenschancen.<\/p>\n<p>[\/et_pb_text][et_pb_divider show_divider=&#8220;off&#8220; _builder_version=&#8220;4.16&#8243; height=&#8220;20px&#8220; global_colors_info=&#8220;{}&#8220;][\/et_pb_divider][et_pb_text admin_label=&#8220;Text Wie&#8220; _builder_version=&#8220;4.27.0&#8243; header_5_font_size=&#8220;17px&#8220; hover_enabled=&#8220;0&#8243; use_border_color=&#8220;off&#8220; global_colors_info=&#8220;{}&#8220; sticky_enabled=&#8220;0&#8243;]<\/p>\n<h4>Wie wird behandelt?<\/h4>\n<p>Die gesamte operierte Brust wird zun\u00e4chst \u00fcber etwa sechs Wochen behandelt (Dosis 50,4 Gy). Dort, wo der Tumor sa\u00df (Tumorbett), werden 2 bis 5 zus\u00e4tzliche Bestrahlungen (Boost) gegeben. Dies erh\u00f6ht deutlich die Wirksamkeit der Strahlentherapie \u2013 genauso wie eine zus\u00e4tzliche Bestrahlung der Lymphabflusswege bei ausgedehntem Lymphknotenbefall. Entsprechend den neuesten Empfehlungen der Fachorganisationen ist bei uns auch eine verk\u00fcrzte Bestrahlung m\u00f6glich. Diese ist nach 16 Bestrahlungen auf die gesamte Brust bei gleichm\u00e4\u00dfiger Dosisverteilung abgeschlossen.<\/p>\n<p>[\/et_pb_text][et_pb_divider show_divider=&#8220;off&#8220; _builder_version=&#8220;4.16&#8243; height=&#8220;20px&#8220; global_colors_info=&#8220;{}&#8220;][\/et_pb_divider][et_pb_text admin_label=&#8220;Text Nebenwirkungen&#8220; _builder_version=&#8220;4.27.0&#8243; header_5_font_size=&#8220;17px&#8220; hover_enabled=&#8220;0&#8243; use_border_color=&#8220;off&#8220; global_colors_info=&#8220;{}&#8220; sticky_enabled=&#8220;0&#8243;]<\/p>\n<h4>Gibt es Nebenwirkungen?<\/h4>\n<p>Durch die Bestrahlung wird die Haut gereizt, damit kann es es an den behandelten Stellen zu einer unterschiedlichen starken Hautr\u00f6tung kommen. Mitunter treten auch oberfl\u00e4chliche Hautl\u00e4sionen oder Entz\u00fcndungen auf. Diese bed\u00fcrfen einer intensiven Pflege. Bleibende Ver\u00e4nderungen an der Haut sind jedoch sehr selten. Als Sp\u00e4tfolge kann eine geringe Verfestigung und Verkleinerung des Brustgewebes und damit der Brust auftreten.<\/p>\n<p>Zusammen mit den physischen und psychischen Belastungen nach Operation und einer eventuell notwendigen Chemo- oder Immuntherapie tritt geh\u00e4uft <a href=\"\/cms\/behandlungsangebot\/pflegeambulanz\/fatigue\/\"><strong>M\u00fcdigkeit<\/strong><\/a> auf. Unsere Spezialisten f\u00fcr <a href=\"\/cms\/behandlungsangebot\/pflegeambulanz\/\"><strong>Pflegeberatung und Wundversorgung<\/strong><\/a> begleiten Sie von Anfang an. Dar\u00fcber hinaus unterst\u00fctzen wir Sie unter anderem in Fragen zur Rehabilitation, Ern\u00e4hrung und Sport, Psychoonkologie, Kosmetik sowie zur ganzheitliche Medizin. Zudem helfen wir bei der Suche nach Selbsthilfegruppen und Sportgruppen.<\/p>\n<p>[\/et_pb_text][\/et_pb_column][\/et_pb_row][et_pb_row _builder_version=&#8220;4.16&#8243; background_size=&#8220;initial&#8220; background_position=&#8220;top_left&#8220; background_repeat=&#8220;repeat&#8220; global_colors_info=&#8220;{}&#8220;][et_pb_column type=&#8220;4_4&#8243; _builder_version=&#8220;4.16&#8243; custom_padding=&#8220;|||&#8220; global_colors_info=&#8220;{}&#8220; custom_padding__hover=&#8220;|||&#8220;][et_pb_divider show_divider=&#8220;off&#8220; _builder_version=&#8220;4.16&#8243; height=&#8220;50px&#8220; global_colors_info=&#8220;{}&#8220;][\/et_pb_divider][\/et_pb_column][\/et_pb_row][\/et_pb_section][et_pb_section fb_built=&#8220;1&#8243; custom_padding_last_edited=&#8220;on|desktop&#8220; _builder_version=&#8220;4.16&#8243; background_color=&#8220;#50a500&#8243; background_image=&#8220;https:\/\/www.stz-fr.de\/cms\/wp-content\/uploads\/2016\/06\/Top-Motiv-1500&#215;500-Green-4.jpg&#8220; custom_padding_tablet=&#8220;50px|0|50px|0&#8243; custom_padding_phone=&#8220;&#8220; transparent_background=&#8220;off&#8220; padding_mobile=&#8220;off&#8220; make_fullwidth=&#8220;off&#8220; use_custom_width=&#8220;off&#8220; width_unit=&#8220;on&#8220; global_colors_info=&#8220;{}&#8220;][et_pb_row column_structure=&#8220;1_3,2_3&#8243; padding_mobile=&#8220;off&#8220; column_padding_mobile=&#8220;on&#8220; _builder_version=&#8220;4.16&#8243; background_size=&#8220;initial&#8220; background_position=&#8220;top_left&#8220; background_repeat=&#8220;repeat&#8220; make_fullwidth=&#8220;off&#8220; use_custom_width=&#8220;off&#8220; width_unit=&#8220;on&#8220; global_colors_info=&#8220;{}&#8220;][et_pb_column type=&#8220;1_3&#8243; _builder_version=&#8220;4.16&#8243; custom_padding=&#8220;|||&#8220; global_colors_info=&#8220;{}&#8220; custom_padding__hover=&#8220;|||&#8220;][et_pb_text admin_label=&#8220;Headline Ablauf&#8220; _builder_version=&#8220;4.16&#8243; background_layout=&#8220;dark&#8220; use_border_color=&#8220;off&#8220; global_colors_info=&#8220;{}&#8220;]<\/p>\n<h3>ABLAUF EINER STRAHLENTHERAPIE BEI BRUSTKREBS<\/h3>\n<p style=\"text-align: left;\">\u00a0<\/p>\n<p>[\/et_pb_text][\/et_pb_column][et_pb_column type=&#8220;2_3&#8243; _builder_version=&#8220;4.16&#8243; custom_padding=&#8220;|||&#8220; global_colors_info=&#8220;{}&#8220; custom_padding__hover=&#8220;|||&#8220;][et_pb_text admin_label=&#8220;Text Ablauf&#8220; _builder_version=&#8220;4.16&#8243; background_layout=&#8220;dark&#8220; use_border_color=&#8220;off&#8220; global_colors_info=&#8220;{}&#8220;]<\/p>\n<p><strong>Die Planung der geeigneten Therapie erfolgt in enger Zusammenarbeit mit den Onkologen in Krankenhaus und Praxis. In regelm\u00e4\u00dfigen gemeinsamen Tumor-Konferenzen werden alle wesentlichen Befunde (z.B. radiologische Befunde, Laborwerte, Histologie-Befunde) er\u00f6rtert, um dann die Therapie individuell f\u00fcr jede Patientin festzulegen.<\/strong><\/p>\n<p>[\/et_pb_text][\/et_pb_column][\/et_pb_row][\/et_pb_section][et_pb_section fb_built=&#8220;1&#8243; custom_padding_last_edited=&#8220;on|desktop&#8220; _builder_version=&#8220;4.16&#8243; background_color=&#8220;#ffffff&#8220; custom_padding=&#8220;0px|||&#8220; custom_padding_tablet=&#8220;50px|0|50px|0&#8243; custom_padding_phone=&#8220;&#8220; transparent_background=&#8220;off&#8220; padding_mobile=&#8220;off&#8220; make_fullwidth=&#8220;off&#8220; use_custom_width=&#8220;off&#8220; width_unit=&#8220;on&#8220; global_colors_info=&#8220;{}&#8220;][et_pb_row column_structure=&#8220;1_3,2_3&#8243; padding_mobile=&#8220;off&#8220; column_padding_mobile=&#8220;on&#8220; _builder_version=&#8220;4.16&#8243; background_size=&#8220;initial&#8220; background_position=&#8220;top_left&#8220; background_repeat=&#8220;repeat&#8220; make_fullwidth=&#8220;off&#8220; use_custom_width=&#8220;off&#8220; width_unit=&#8220;on&#8220; global_colors_info=&#8220;{}&#8220;][et_pb_column type=&#8220;1_3&#8243; _builder_version=&#8220;4.16&#8243; custom_padding=&#8220;|||&#8220; global_colors_info=&#8220;{}&#8220; custom_padding__hover=&#8220;|||&#8220;][et_pb_image src=&#8220;https:\/\/www.stz-fr.de\/cms\/wp-content\/uploads\/2017\/05\/Motiv-Content-800&#215;600-BeschleunigerRemoteControl.jpg&#8220; show_bottom_space=&#8220;off&#8220; align_tablet=&#8220;center&#8220; align_phone=&#8220;center&#8220; align_last_edited=&#8220;on|desktop&#8220; _builder_version=&#8220;4.16&#8243; use_border_color=&#8220;off&#8220; border_color=&#8220;#ffffff&#8220; border_style=&#8220;solid&#8220; sticky=&#8220;on&#8220; always_center_on_mobile=&#8220;on&#8220; global_colors_info=&#8220;{}&#8220;][\/et_pb_image][\/et_pb_column][et_pb_column type=&#8220;2_3&#8243; _builder_version=&#8220;4.16&#8243; custom_padding=&#8220;|||&#8220; global_colors_info=&#8220;{}&#8220; custom_padding__hover=&#8220;|||&#8220;][et_pb_text admin_label=&#8220;Text Ablauf-Punkte&#8220; _builder_version=&#8220;4.27.0&#8243; header_5_font_size=&#8220;17px&#8220; custom_margin=&#8220;||30px||false|false&#8220; custom_padding=&#8220;0px||0px||false|false&#8220; hover_enabled=&#8220;0&#8243; use_border_color=&#8220;off&#8220; global_colors_info=&#8220;{}&#8220; sticky_enabled=&#8220;0&#8243;]<\/p>\n<h4>1. Erster Kontakt<\/h4>\n<p>Der erste Kontakt dient dem Kennenlernen und der Aufkl\u00e4rung. Dabei werden Ihre Krankengeschichte und der Behandlungsplan ausf\u00fchrlich mit Ihnen besprochen.<br \/>Das Erstgespr\u00e4ch findet in unserer <strong>Ambulanz im 3. OG des \u00c4rztehauses in der Wirthstra\u00dfe 9<\/strong> statt. Nat\u00fcrlich steht Ihnen Ihr Arzt bzw. Ihre \u00c4rztin fu\u0308r alle offenen Fragen zur Verf\u00fcgung. Sollten weitere Untersuchungen oder eine Reha-Ma\u00dfnahme notwendig sein, k\u00fcmmern wir uns um die Organisation und um Ihre Termine.<\/p>\n<p>[\/et_pb_text][et_pb_text admin_label=&#8220;Text Ablauf-Punkte&#8220; _builder_version=&#8220;4.27.0&#8243; header_5_font_size=&#8220;17px&#8220; custom_margin=&#8220;||30px||false|false&#8220; custom_padding=&#8220;0px||0px||false|false&#8220; hover_enabled=&#8220;0&#8243; use_border_color=&#8220;off&#8220; global_colors_info=&#8220;{}&#8220; sticky_enabled=&#8220;0&#8243;]<\/p>\n<h4>2. CT-Untersuchung zur Bestrahlungsplanung<\/h4>\n<p>Beim zweiten Termin wird zur Festlegung der Strahlentherapie eine Planungs-CT durchgef\u00fchrt. Dabei werden Sie exakt so gelagert, wie dies sp\u00e4ter auch bei der Bestrahlung notwendig ist (\u00fcblicherweise mit den Armen \u00fcber den Kopf). Auf Basis der ermittelten Werte erstellt unser \u00c4rzte- und Medizinphysik-Team dann den Therapieplan f\u00fcr das Behandlungsger\u00e4t, den Linearbeschleuniger.<br \/>Fu\u0308r Ihren Planungs-CT-Termin melden Sie sich bitte wiederum in unserer <strong>Ambulanz im 3. OG des \u00c4rztehauses in der Wirthstra\u00dfe 9<\/strong>.<\/p>\n<p>[\/et_pb_text][et_pb_text admin_label=&#8220;Text Ablauf-Punkte&#8220; _builder_version=&#8220;4.27.0&#8243; header_5_font_size=&#8220;17px&#8220; custom_margin=&#8220;||30px||false|false&#8220; custom_padding=&#8220;0px||0px||false|false&#8220; hover_enabled=&#8220;0&#8243; use_border_color=&#8220;off&#8220; global_colors_info=&#8220;{}&#8220; sticky_enabled=&#8220;0&#8243;]<\/p>\n<h4>3. Ersteinstellung<\/h4>\n<p>Die strahlentherapeutische Behandlung erfolgt in unserem <strong>Therapiezentrum in der Wirthstra\u00dfe 11c<\/strong>. Bei der Ersteinstellung werden alle Parameter und Bestrahlungsfelder nochmals kontrolliert, daher ist der Zeitaufwand an diesem Tag h\u00f6her als bei den weiteren Bestrahlungsterminen.<\/p>\n<p>[\/et_pb_text][et_pb_text admin_label=&#8220;Text Ablauf-Punkte&#8220; _builder_version=&#8220;4.27.0&#8243; header_5_font_size=&#8220;17px&#8220; custom_margin=&#8220;||30px||false|false&#8220; custom_padding=&#8220;0px||0px||false|false&#8220; hover_enabled=&#8220;0&#8243; use_border_color=&#8220;off&#8220; global_colors_info=&#8220;{}&#8220; sticky_enabled=&#8220;0&#8243;]<\/p>\n<h4>4. Weitere Bestrahlungsbehandlung<\/h4>\n<p>In der Regel erhalten Sie von Montag bis Freitag t\u00e4glich eine Bestrahlungsbehandlung u\u0308ber einen Zeitraum von vier bis sechs Wochen. Die einzelnen Bestrahlungssitzungen dauern meist nicht l\u00e4nger als f\u00fcnf Minuten. <strong>Die Bestrahlungsserie sollte m\u00f6glichst nicht unterbrochen werden.<\/strong><\/p>\n<p>Mindestens einmal pro Woche \u2013 bei Bedarf auch h\u00e4ufiger \u2013 besprechen wir mit Ihnen den Therapieverlauf. Zus\u00e4tzlich behandelt unser Fachpflegepersonal m\u00f6gliche Hautreaktionen und ber\u00e4t bei der optimalen Hautpflege w\u00e4hrend der Strahlentherapie.<\/p>\n<p>[\/et_pb_text][et_pb_text admin_label=&#8220;Text Ablauf-Punkte&#8220; _builder_version=&#8220;4.27.0&#8243; header_5_font_size=&#8220;17px&#8220; custom_margin=&#8220;||30px||false|false&#8220; custom_padding=&#8220;0px||0px||false|false&#8220; hover_enabled=&#8220;0&#8243; use_border_color=&#8220;off&#8220; global_colors_info=&#8220;{}&#8220; sticky_enabled=&#8220;0&#8243;]<\/p>\n<h4>5. Abschluss der Behandlung<\/h4>\n<p>Beim Abschluss der Behandlung wird neben der k\u00f6rperlichen Untersuchung im Arztgespr\u00e4ch gekl\u00e4rt, ob zus\u00e4tzliche Ma\u00dfnahmen sinnvoll sind. So ist auch Ihre weitere Betreuung und Nachsorge gesichert.<\/p>\n<p>&nbsp;<\/p>\n<p>[\/et_pb_text][\/et_pb_column][\/et_pb_row][\/et_pb_section]<\/p>\n","protected":false},"excerpt":{"rendered":"<p>STRAHLENTHERAPIE BEI BRUSTKREBS Die Strahlentherapie (Radioonkologie) ist \u2013 neben der Chemotherapie und der Operation \u2013 eine der drei wichtigsten S\u00e4ulen des Behandlungskonzepts bei Brustkrebs. Wie offizielle Studien zeigen, profitieren nach brusterhaltender Therapie (BET) alle Brustkrebspatientinnen von einer Strahlentherapie, denn die Wahrscheinlichkeit des Wiederauftretens des Tumors wird deutlich reduziert. Damit hilft die Strahlentherapie, die Chance auf [&hellip;]<\/p>\n","protected":false},"author":1,"featured_media":0,"parent":65,"menu_order":6,"comment_status":"closed","ping_status":"closed","template":"","meta":{"_et_pb_use_builder":"on","_et_pb_old_content":"","_et_gb_content_width":"","footnotes":""},"class_list":["post-94","page","type-page","status-publish","hentry"],"_links":{"self":[{"href":"https:\/\/www.stz-fr.de\/cms\/wp-json\/wp\/v2\/pages\/94","targetHints":{"allow":["GET"]}}],"collection":[{"href":"https:\/\/www.stz-fr.de\/cms\/wp-json\/wp\/v2\/pages"}],"about":[{"href":"https:\/\/www.stz-fr.de\/cms\/wp-json\/wp\/v2\/types\/page"}],"author":[{"embeddable":true,"href":"https:\/\/www.stz-fr.de\/cms\/wp-json\/wp\/v2\/users\/1"}],"replies":[{"embeddable":true,"href":"https:\/\/www.stz-fr.de\/cms\/wp-json\/wp\/v2\/comments?post=94"}],"version-history":[{"count":0,"href":"https:\/\/www.stz-fr.de\/cms\/wp-json\/wp\/v2\/pages\/94\/revisions"}],"up":[{"embeddable":true,"href":"https:\/\/www.stz-fr.de\/cms\/wp-json\/wp\/v2\/pages\/65"}],"wp:attachment":[{"href":"https:\/\/www.stz-fr.de\/cms\/wp-json\/wp\/v2\/media?parent=94"}],"curies":[{"name":"wp","href":"https:\/\/api.w.org\/{rel}","templated":true}]}}