{"id":950,"date":"2016-06-03T11:21:56","date_gmt":"2016-06-03T09:21:56","guid":{"rendered":"http:\/\/k-stz.beebox.de\/cms\/behandlungsangebot\/strahlentherapie-entzuendlich-degenerativ\/schmerzbestrahlung\/"},"modified":"2022-05-13T12:45:57","modified_gmt":"2022-05-13T10:45:57","slug":"schmerzbestrahlung","status":"publish","type":"page","link":"https:\/\/www.stz-fr.de\/cms\/behandlungsangebot\/strahlentherapie-gutartig-entzuendlich\/schmerzbestrahlung\/","title":{"rendered":"Schmerzbestrahlung"},"content":{"rendered":"<p>[et_pb_section fb_built=&#8220;1&#8243; fullwidth=&#8220;on&#8220; _builder_version=&#8220;4.16&#8243; global_colors_info=&#8220;{}&#8220;][et_pb_fullwidth_slider module_id=&#8220;bbxTopmotiv400&#8243; _builder_version=&#8220;4.16&#8243; custom_padding=&#8220;|||&#8220; custom_padding_tablet=&#8220;|||&#8220; custom_padding_phone=&#8220;|||&#8220; box_shadow_style=&#8220;preset6&#8243; box_shadow_blur=&#8220;10px&#8220; box_shadow_color=&#8220;rgba(0,0,0,0.1)&#8220; remove_inner_shadow=&#8220;off&#8220; hide_content_on_mobile=&#8220;off&#8220; hide_cta_on_mobile=&#8220;off&#8220; show_inner_shadow=&#8220;on&#8220; button_letter_spacing_hover=&#8220;0&#8243; global_colors_info=&#8220;{}&#8220; button_text_size__hover_enabled=&#8220;off&#8220; button_one_text_size__hover_enabled=&#8220;off&#8220; button_two_text_size__hover_enabled=&#8220;off&#8220; button_text_color__hover_enabled=&#8220;off&#8220; button_one_text_color__hover_enabled=&#8220;off&#8220; button_two_text_color__hover_enabled=&#8220;off&#8220; button_border_width__hover_enabled=&#8220;off&#8220; button_one_border_width__hover_enabled=&#8220;off&#8220; button_two_border_width__hover_enabled=&#8220;off&#8220; button_border_color__hover_enabled=&#8220;off&#8220; button_one_border_color__hover_enabled=&#8220;off&#8220; button_two_border_color__hover_enabled=&#8220;off&#8220; button_border_radius__hover_enabled=&#8220;off&#8220; button_one_border_radius__hover_enabled=&#8220;off&#8220; button_two_border_radius__hover_enabled=&#8220;off&#8220; button_letter_spacing__hover_enabled=&#8220;on&#8220; button_letter_spacing__hover=&#8220;0&#8243; button_one_letter_spacing__hover_enabled=&#8220;off&#8220; button_two_letter_spacing__hover_enabled=&#8220;off&#8220; button_bg_color__hover_enabled=&#8220;off&#8220; button_one_bg_color__hover_enabled=&#8220;off&#8220; button_two_bg_color__hover_enabled=&#8220;off&#8220;][et_pb_slide use_bg_overlay=&#8220;off&#8220; use_text_overlay=&#8220;off&#8220; _builder_version=&#8220;4.16&#8243; header_font=&#8220;||||&#8220; body_font=&#8220;||||&#8220; background_color=&#8220;#ffffff&#8220; background_image=&#8220;https:\/\/www.stz-fr.de\/cms\/wp-content\/uploads\/2016\/06\/Top-Motiv-1500&#215;500-Schmerzen.jpg&#8220; button_icon_placement=&#8220;right&#8220; button_on_hover=&#8220;on&#8220; global_colors_info=&#8220;{}&#8220; button_text_size__hover_enabled=&#8220;off&#8220; button_one_text_size__hover_enabled=&#8220;off&#8220; button_two_text_size__hover_enabled=&#8220;off&#8220; button_text_color__hover_enabled=&#8220;off&#8220; button_one_text_color__hover_enabled=&#8220;off&#8220; button_two_text_color__hover_enabled=&#8220;off&#8220; button_border_width__hover_enabled=&#8220;off&#8220; button_one_border_width__hover_enabled=&#8220;off&#8220; button_two_border_width__hover_enabled=&#8220;off&#8220; button_border_color__hover_enabled=&#8220;off&#8220; button_one_border_color__hover_enabled=&#8220;off&#8220; button_two_border_color__hover_enabled=&#8220;off&#8220; button_border_radius__hover_enabled=&#8220;off&#8220; button_one_border_radius__hover_enabled=&#8220;off&#8220; button_two_border_radius__hover_enabled=&#8220;off&#8220; button_letter_spacing__hover_enabled=&#8220;off&#8220; button_one_letter_spacing__hover_enabled=&#8220;off&#8220; button_two_letter_spacing__hover_enabled=&#8220;off&#8220; button_bg_color__hover_enabled=&#8220;off&#8220; button_one_bg_color__hover_enabled=&#8220;off&#8220; button_two_bg_color__hover_enabled=&#8220;off&#8220; sticky_transition=&#8220;on&#8220;] [\/et_pb_slide][\/et_pb_fullwidth_slider][\/et_pb_section][et_pb_section fb_built=&#8220;1&#8243; custom_padding_last_edited=&#8220;on|desktop&#8220; _builder_version=&#8220;4.16&#8243; background_color=&#8220;#ffffff&#8220; custom_padding_tablet=&#8220;50px|0|50px|0&#8243; custom_padding_phone=&#8220;&#8220; padding_mobile=&#8220;off&#8220; global_colors_info=&#8220;{}&#8220;][et_pb_row padding_mobile=&#8220;off&#8220; column_padding_mobile=&#8220;on&#8220; _builder_version=&#8220;4.16&#8243; background_size=&#8220;initial&#8220; background_position=&#8220;top_left&#8220; background_repeat=&#8220;repeat&#8220; make_fullwidth=&#8220;off&#8220; use_custom_width=&#8220;off&#8220; width_unit=&#8220;on&#8220; global_colors_info=&#8220;{}&#8220;][et_pb_column type=&#8220;4_4&#8243; _builder_version=&#8220;4.16&#8243; custom_padding=&#8220;|||&#8220; global_colors_info=&#8220;{}&#8220; custom_padding__hover=&#8220;|||&#8220;][et_pb_text admin_label=&#8220;Headline&#8220; _builder_version=&#8220;4.16&#8243; background_size=&#8220;initial&#8220; background_position=&#8220;top_left&#8220; background_repeat=&#8220;repeat&#8220; border_color=&#8220;#dddddd&#8220; border_style=&#8220;solid&#8220; global_colors_info=&#8220;{}&#8220;]<\/p>\n<h1>Strahlenbehandlung bei Schmerzen<\/h1>\n<p>[\/et_pb_text][et_pb_text admin_label=&#8220;Text Intro&#8220; _builder_version=&#8220;4.16&#8243; background_size=&#8220;initial&#8220; background_position=&#8220;top_left&#8220; background_repeat=&#8220;repeat&#8220; global_colors_info=&#8220;{}&#8220;]<\/p>\n<p>Die Strahlentherapie bei schmerzhaften degenerativ-entz\u00fcndlichen Erkrankungen des Skeletts hat sich als eine sehr wirksame und kosteng\u00fcnstige Therapie bei den verschie\u00addensten Krankheitssymptomen bew\u00e4hrt. Sie ist eine ideale Alternative und Erg\u00e4nzung zu anderen oft langwierigen konservativen Behandlungen. Selbst notwendig werdende opera\u00adtive Eingriffe k\u00f6nnen durch eine Strahlenbehandlung in vielen F\u00e4llen herausgez\u00f6gert oder sogar v\u00f6llig ersetzt werden.<\/p>\n<p>Die Behandlung dieser &#8222;gutartigen&#8220; Entz\u00fcndungserkrankungen bildet deshalb einen weite\u00adren Schwerpunkt unseres Therapieangebotes. Dabei arbeiten wir nat\u00fcrlich eng mit Ihren bereits involvierten Fach\u00e4rzten zusammen und k\u00f6nnen so das f\u00fcr Sie wirksamste Behand\u00adlungskonzept kooperativ entwickeln.<\/p>\n<p>[\/et_pb_text][et_pb_divider show_divider=&#8220;off&#8220; _builder_version=&#8220;4.16&#8243; height=&#8220;20px&#8220; global_colors_info=&#8220;{}&#8220;][\/et_pb_divider][\/et_pb_column][\/et_pb_row][et_pb_row column_structure=&#8220;1_3,2_3&#8243; _builder_version=&#8220;4.16&#8243; background_size=&#8220;initial&#8220; background_position=&#8220;top_left&#8220; background_repeat=&#8220;repeat&#8220; global_colors_info=&#8220;{}&#8220;][et_pb_column type=&#8220;1_3&#8243; _builder_version=&#8220;4.16&#8243; custom_padding=&#8220;|||&#8220; global_colors_info=&#8220;{}&#8220; custom_padding__hover=&#8220;|||&#8220;][et_pb_image src=&#8220;https:\/\/www.stz-fr.de\/cms\/wp-content\/uploads\/2017\/06\/Motiv-Content-Bestrahlung-Nacken-800&#215;600.jpg&#8220; title_text=&#8220;Tennisellenbogen&#8220; align_tablet=&#8220;center&#8220; align_phone=&#8220;center&#8220; align_last_edited=&#8220;on|desktop&#8220; admin_label=&#8220;Bild Nackenschmerzen&#8220; _builder_version=&#8220;4.16&#8243; animation_style=&#8220;slide&#8220; animation_direction=&#8220;left&#8220; animation_duration=&#8220;500ms&#8220; animation_intensity_slide=&#8220;10%&#8220; border_width_all=&#8220;0px&#8220; border_color_all=&#8220;#50a000&#8243; border_style_all=&#8220;solid&#8220; use_border_color=&#8220;on&#8220; border_color=&#8220;#50a000&#8243; border_style=&#8220;solid&#8220; sticky=&#8220;off&#8220; always_center_on_mobile=&#8220;on&#8220; global_colors_info=&#8220;{}&#8220;][\/et_pb_image][\/et_pb_column][et_pb_column type=&#8220;2_3&#8243; _builder_version=&#8220;4.16&#8243; custom_padding=&#8220;|||&#8220; global_colors_info=&#8220;{}&#8220; custom_padding__hover=&#8220;|||&#8220;][et_pb_text admin_label=&#8220;Text &#8211; Warum wird bestrahlt?&#8220; _builder_version=&#8220;4.16&#8243; background_size=&#8220;initial&#8220; background_position=&#8220;top_left&#8220; background_repeat=&#8220;repeat&#8220; global_colors_info=&#8220;{}&#8220;]<\/p>\n<h4>Warum wird bestrahlt?<\/h4>\n<p>Die Strahlentherapeutische Behandlung hat eine antientz\u00fcndliche Wirkung, hemmt Autoimmunprozesse und beeinflusst Zellfunktionen zur direkten Linderung der Beschwerden. Sie ist v\u00f6llig schmerzlos und fast frei von Nebenwirkungen. 70-80% der Patienten berichten nach der Bestrahlungsserie \u00fcber eine deutliche (wenn auch manchmal verz\u00f6gert einsetzende) Schmerzlinderung.<\/p>\n<p>Im Tierversuch hatte die niedrig dosierte Strahlentherapie Auswirkungen auf die zellul\u00e4re Immunreaktion (Apoptose von Lymphozyten, verminderte Aktivit\u00e4t von entz\u00fcndlich aktivierten Makrophagen und Endothelzellen).<\/p>\n<p>[\/et_pb_text][et_pb_divider show_divider=&#8220;off&#8220; _builder_version=&#8220;4.16&#8243; height=&#8220;20px&#8220; global_colors_info=&#8220;{}&#8220;][\/et_pb_divider][\/et_pb_column][\/et_pb_row][et_pb_row column_structure=&#8220;1_3,2_3&#8243; padding_mobile=&#8220;off&#8220; column_padding_mobile=&#8220;on&#8220; _builder_version=&#8220;4.16&#8243; background_size=&#8220;initial&#8220; background_position=&#8220;top_left&#8220; background_repeat=&#8220;repeat&#8220; custom_padding=&#8220;0px|||&#8220; make_fullwidth=&#8220;off&#8220; use_custom_width=&#8220;off&#8220; width_unit=&#8220;on&#8220; global_colors_info=&#8220;{}&#8220;][et_pb_column type=&#8220;1_3&#8243; _builder_version=&#8220;4.16&#8243; custom_padding=&#8220;|||&#8220; global_colors_info=&#8220;{}&#8220; custom_padding__hover=&#8220;|||&#8220;][et_pb_image src=&#8220;https:\/\/www.stz-fr.de\/cms\/wp-content\/uploads\/2017\/06\/Motiv-Content-Bestrahlung-Ruecken-800&#215;600.jpg&#8220; align_tablet=&#8220;center&#8220; align_phone=&#8220;center&#8220; align_last_edited=&#8220;on|desktop&#8220; admin_label=&#8220;Bild R\u00fcckenschmerzen&#8220; _builder_version=&#8220;4.16&#8243; animation_style=&#8220;slide&#8220; animation_direction=&#8220;left&#8220; animation_duration=&#8220;500ms&#8220; animation_intensity_slide=&#8220;10%&#8220; border_style=&#8220;solid&#8220; sticky=&#8220;off&#8220; always_center_on_mobile=&#8220;on&#8220; global_colors_info=&#8220;{}&#8220;][\/et_pb_image][\/et_pb_column][et_pb_column type=&#8220;2_3&#8243; _builder_version=&#8220;4.16&#8243; custom_padding=&#8220;|||&#8220; global_colors_info=&#8220;{}&#8220; custom_padding__hover=&#8220;|||&#8220;][et_pb_text admin_label=&#8220;Text &#8211; Wie wird behandelt?&#8220; _builder_version=&#8220;4.16&#8243; background_size=&#8220;initial&#8220; background_position=&#8220;top_left&#8220; background_repeat=&#8220;repeat&#8220; use_border_color=&#8220;off&#8220; global_colors_info=&#8220;{}&#8220;]<\/p>\n<h4>Wie wird behandelt?<\/h4>\n<p>Die Therapie umfasst 6 jeweils wenige Sekunden dauernde Bestrahlungen, die \u00fcber 3 Wochen verteilt sind. Unser Fachpersonal ber\u00e4t Sie wegen der aufgezeichneten Markierungen und der optimalen Hautpflege w\u00e4hrend Ihrer Strahlentherapie.<\/p>\n<p>[\/et_pb_text][et_pb_divider show_divider=&#8220;off&#8220; _builder_version=&#8220;4.16&#8243; height=&#8220;20px&#8220; global_colors_info=&#8220;{}&#8220;][\/et_pb_divider][et_pb_text admin_label=&#8220;Text &#8211; Nebenwirkungen&#8220; _builder_version=&#8220;4.16&#8243; background_size=&#8220;initial&#8220; background_position=&#8220;top_left&#8220; background_repeat=&#8220;repeat&#8220; use_border_color=&#8220;off&#8220; global_colors_info=&#8220;{}&#8220;]<\/p>\n<h4>Gibt es Nebenwirkungen?<\/h4>\n<p>Die Strahlendosis ist bei dieser Behandlungsform \u00e4u\u00dferst gering, daher ist sie v\u00f6llig schmerzfrei und arm an Nebenwirkungen. Durch die kurzzeitige Bestrahlung kann in seltensten F\u00e4llen eine geringgradige Reizung der Haut auftreten, wodurch es an der behandelten Stelle zu einer kaum merklichen Hautr\u00f6tung oder Hauttrockenheit kommen kann.<\/p>\n<p>[\/et_pb_text][et_pb_divider show_divider=&#8220;off&#8220; _builder_version=&#8220;4.16&#8243; height=&#8220;50px&#8220; global_colors_info=&#8220;{}&#8220;][\/et_pb_divider][\/et_pb_column][\/et_pb_row][\/et_pb_section][et_pb_section fb_built=&#8220;1&#8243; _builder_version=&#8220;4.16&#8243; transparent_background=&#8220;off&#8220; make_fullwidth=&#8220;off&#8220; use_custom_width=&#8220;off&#8220; width_unit=&#8220;on&#8220; global_colors_info=&#8220;{}&#8220;][et_pb_row _builder_version=&#8220;4.16&#8243; background_color=&#8220;#50a500&#8243; background_image=&#8220;\/cms\/wp-content\/uploads\/2016\/06\/Top-Motiv-1500&#215;500-Green-4.jpg&#8220; background_size=&#8220;initial&#8220; background_position=&#8220;top_left&#8220; background_repeat=&#8220;repeat&#8220; make_fullwidth=&#8220;off&#8220; use_custom_width=&#8220;off&#8220; width_unit=&#8220;on&#8220; global_colors_info=&#8220;{}&#8220;][et_pb_column type=&#8220;4_4&#8243; _builder_version=&#8220;4.16&#8243; custom_padding=&#8220;|||&#8220; global_colors_info=&#8220;{}&#8220; custom_padding__hover=&#8220;|||&#8220;][et_pb_text admin_label=&#8220;Headline Ablauf Gutartig&#8220; _builder_version=&#8220;4.16&#8243; background_size=&#8220;initial&#8220; background_position=&#8220;top_left&#8220; background_repeat=&#8220;repeat&#8220; background_layout=&#8220;dark&#8220; use_border_color=&#8220;off&#8220; border_color=&#8220;#dddddd&#8220; border_style=&#8220;solid&#8220; global_colors_info=&#8220;{}&#8220;]<\/p>\n<h3 style=\"text-align: center;\">ABLAUF DER STRAHLENTHERAPIE<\/h3>\n<p>[\/et_pb_text][\/et_pb_column][\/et_pb_row][et_pb_row column_structure=&#8220;1_3,2_3&#8243; padding_mobile=&#8220;off&#8220; column_padding_mobile=&#8220;on&#8220; admin_label=&#8220;Zeile: Ablauf der Strahlentherapie&#8220; _builder_version=&#8220;4.16&#8243; background_size=&#8220;initial&#8220; background_position=&#8220;top_left&#8220; background_repeat=&#8220;repeat&#8220; make_fullwidth=&#8220;off&#8220; use_custom_width=&#8220;off&#8220; width_unit=&#8220;on&#8220; global_colors_info=&#8220;{}&#8220;][et_pb_column type=&#8220;1_3&#8243; _builder_version=&#8220;4.16&#8243; custom_padding=&#8220;|||&#8220; global_colors_info=&#8220;{}&#8220; custom_padding__hover=&#8220;|||&#8220;][et_pb_text admin_label=&#8220;Text: Vorbereitung&#8220; _builder_version=&#8220;4.16&#8243; background_size=&#8220;initial&#8220; background_position=&#8220;top_left&#8220; background_repeat=&#8220;repeat&#8220; use_border_color=&#8220;off&#8220; border_color=&#8220;#dddddd&#8220; border_style=&#8220;solid&#8220; global_colors_info=&#8220;{}&#8220;]<\/p>\n<h4>Vorbereitung<\/h4>\n<p>F\u00fcr die CT-Aufnahme und die Behandlungen ben\u00f6tigen Sie nur ein gro\u00dfes Handtuch. Von Kassenversicherten ben\u00f6tigen wir beim Erstgespr\u00e4ch Ihren \u00dcberweisungsschein und die Versicherungskarte.<\/p>\n<p>[\/et_pb_text][et_pb_image src=&#8220;https:\/\/www.stz-fr.de\/cms\/wp-content\/uploads\/2017\/05\/Motiv-Content-800&#215;600-ArztGespraech2.jpg&#8220; show_bottom_space=&#8220;off&#8220; align_tablet=&#8220;center&#8220; align_phone=&#8220;center&#8220; align_last_edited=&#8220;on|desktop&#8220; _builder_version=&#8220;4.16&#8243; use_border_color=&#8220;off&#8220; border_color=&#8220;#ffffff&#8220; border_style=&#8220;solid&#8220; sticky=&#8220;on&#8220; always_center_on_mobile=&#8220;on&#8220; global_colors_info=&#8220;{}&#8220;][\/et_pb_image][\/et_pb_column][et_pb_column type=&#8220;2_3&#8243; _builder_version=&#8220;4.16&#8243; custom_padding=&#8220;|||&#8220; global_colors_info=&#8220;{}&#8220; custom_padding__hover=&#8220;|||&#8220;][et_pb_text admin_label=&#8220;Text: 1. Erster Kontakt&#8220; _builder_version=&#8220;4.17.4&#8243; background_size=&#8220;initial&#8220; background_position=&#8220;top_left&#8220; background_repeat=&#8220;repeat&#8220; use_border_color=&#8220;off&#8220; border_color=&#8220;#dddddd&#8220; border_style=&#8220;solid&#8220; global_colors_info=&#8220;{}&#8220;]<\/p>\n<h4>1. Erster Kontakt<\/h4>\n<p>Der erste Kontakt dient dem Kennenlernen. Dabei werden Ihre Krankengeschichte und der Behandlungsplan ausf\u00fchrlich mit Ihnen besprochen. Dieses Erstgespr\u00e4ch findet in unserer <strong>Ambulanz im 3. OG des \u00c4rztehauses in der Wirthstra\u00dfe 9<\/strong> statt. Nat\u00fcrlich steht Ihnen Ihr Arzt bzw. Ihre \u00c4rztin f\u00fcr alle offenen Fragen zur Verf\u00fcgung. Sollten weitere Untersuchungen notwendig sein, k\u00fcmmern wir uns um Ihre Termine.<\/p>\n<p>[\/et_pb_text][et_pb_text admin_label=&#8220;Text: 2. CT-Untersuchung&#8220; _builder_version=&#8220;4.17.4&#8243; background_size=&#8220;initial&#8220; background_position=&#8220;top_left&#8220; background_repeat=&#8220;repeat&#8220; use_border_color=&#8220;off&#8220; border_color=&#8220;#dddddd&#8220; border_style=&#8220;solid&#8220; global_colors_info=&#8220;{}&#8220;]<\/p>\n<h4>2. CT-Untersuchung zur Bestrahlungsplanung<\/h4>\n<p>Beim zweiten Termin wird zur Planung der Therapie eine CT-Aufnahme (Computertomographie) angefertigt. Dabei lagern unsere FachassistentInnen Sie mit speziellen Kissen und Lagerungshilfen exakt so, wie dies sp\u00e4ter auch bei der Bestrahlung notwendig ist. Auf Basis dieser CT-Aufnahmen und der ermittelten Werte erstellt unser \u00c4rzte- und Medizinphysik-Team dann den Therapieplan f\u00fcr das eigentliche Behandlungsger\u00e4t einer jeden Strahlentherapie, den sogenannten Linearbeschleuniger. F\u00fcr Ihren CT-Termin melden Sie sich bitte in unserer <strong>Ambulanz im 3. OG des \u00c4rztehauses in der Wirthstra\u00dfe 9<\/strong>.<\/p>\n<p>[\/et_pb_text][et_pb_text admin_label=&#8220;Text: 3. Ersteinstellung&#8220; _builder_version=&#8220;4.17.4&#8243; background_size=&#8220;initial&#8220; background_position=&#8220;top_left&#8220; background_repeat=&#8220;repeat&#8220; use_border_color=&#8220;off&#8220; border_color=&#8220;#dddddd&#8220; border_style=&#8220;solid&#8220; global_colors_info=&#8220;{}&#8220;]<\/p>\n<h4>3. Ersteinstellung<\/h4>\n<p>Die eigentliche strahlentherapeutische Behandlung erfolgt in unserem <strong>Therapiezentrum in der Wirthstra\u00dfe 11c<\/strong>. Bei der Ersteinstellung werden alle Parameter und Bestrahlungsfelder nochmals kontrolliert, daher ist der Zeitaufwand h\u00f6her als bei den weiteren Bestrahlungen.<\/p>\n<p>[\/et_pb_text][et_pb_text admin_label=&#8220;Text: 4. Bestrahlungsbehandlung&#8220; _builder_version=&#8220;4.17.4&#8243; background_size=&#8220;initial&#8220; background_position=&#8220;top_left&#8220; background_repeat=&#8220;repeat&#8220; use_border_color=&#8220;off&#8220; border_color=&#8220;#dddddd&#8220; border_style=&#8220;solid&#8220; global_colors_info=&#8220;{}&#8220;]<\/p>\n<h4>4. Bestrahlungsbehandlung<\/h4>\n<p>Die Therapie umfasst 6 jeweils etwa 5-min\u00fctige Bestrahlungen, die \u00fcber zwei bis drei Wochen verteilt sind. Zus\u00e4tzlich behandelt unser Fachpersonal m\u00f6gliche, aber seltene Hautreaktionen und ber\u00e4t bei der optimalen Hautpflege.[\/et_pb_text][et_pb_text admin_label=&#8220;Text: 5. Abschluss der Behandlung&#8220; _builder_version=&#8220;4.17.4&#8243; background_size=&#8220;initial&#8220; background_position=&#8220;top_left&#8220; background_repeat=&#8220;repeat&#8220; use_border_color=&#8220;off&#8220; border_color=&#8220;#dddddd&#8220; border_style=&#8220;solid&#8220; global_colors_info=&#8220;{}&#8220;]<\/p>\n<h4>5. Abschluss der Behandlung<\/h4>\n<p>Beim Abschluss der Behandlung wird neben der k\u00f6rperlichen Untersuchung im Arztgespr\u00e4ch gekl\u00e4rt, ob und wann eine weitere Betrahlungsserie (wiederum 6 Sitzungen) sinnvoll ist.[\/et_pb_text][et_pb_divider show_divider=&#8220;off&#8220; disabled_on=&#8220;on|on|off&#8220; admin_label=&#8220;Teiler Spacer 20&#8243; _builder_version=&#8220;4.17.4&#8243; height=&#8220;20px&#8220; hide_on_mobile=&#8220;on&#8220; global_colors_info=&#8220;{}&#8220;][\/et_pb_divider][\/et_pb_column][\/et_pb_row][\/et_pb_section]<\/p>\n","protected":false},"excerpt":{"rendered":"<p>Strahlenbehandlung bei Schmerzen Die Strahlentherapie bei schmerzhaften degenerativ-entz\u00fcndlichen Erkrankungen des Skeletts hat sich als eine sehr wirksame und kosteng\u00fcnstige Therapie bei den verschie\u00addensten Krankheitssymptomen bew\u00e4hrt. Sie ist eine ideale Alternative und Erg\u00e4nzung zu anderen oft langwierigen konservativen Behandlungen. Selbst notwendig werdende opera\u00adtive Eingriffe k\u00f6nnen durch eine Strahlenbehandlung in vielen F\u00e4llen herausgez\u00f6gert oder sogar v\u00f6llig ersetzt [&hellip;]<\/p>\n","protected":false},"author":1,"featured_media":0,"parent":67,"menu_order":2,"comment_status":"closed","ping_status":"closed","template":"","meta":{"_et_pb_use_builder":"on","_et_pb_old_content":"","_et_gb_content_width":"","footnotes":""},"class_list":["post-950","page","type-page","status-publish","hentry"],"_links":{"self":[{"href":"https:\/\/www.stz-fr.de\/cms\/wp-json\/wp\/v2\/pages\/950","targetHints":{"allow":["GET"]}}],"collection":[{"href":"https:\/\/www.stz-fr.de\/cms\/wp-json\/wp\/v2\/pages"}],"about":[{"href":"https:\/\/www.stz-fr.de\/cms\/wp-json\/wp\/v2\/types\/page"}],"author":[{"embeddable":true,"href":"https:\/\/www.stz-fr.de\/cms\/wp-json\/wp\/v2\/users\/1"}],"replies":[{"embeddable":true,"href":"https:\/\/www.stz-fr.de\/cms\/wp-json\/wp\/v2\/comments?post=950"}],"version-history":[{"count":0,"href":"https:\/\/www.stz-fr.de\/cms\/wp-json\/wp\/v2\/pages\/950\/revisions"}],"up":[{"embeddable":true,"href":"https:\/\/www.stz-fr.de\/cms\/wp-json\/wp\/v2\/pages\/67"}],"wp:attachment":[{"href":"https:\/\/www.stz-fr.de\/cms\/wp-json\/wp\/v2\/media?parent=950"}],"curies":[{"name":"wp","href":"https:\/\/api.w.org\/{rel}","templated":true}]}}